{"id":1501,"date":"2024-04-19T13:19:08","date_gmt":"2024-04-19T13:19:08","guid":{"rendered":"https:\/\/www.kinderlieder.at\/?page_id=1501"},"modified":"2026-03-09T08:31:51","modified_gmt":"2026-03-09T08:31:51","slug":"home","status":"publish","type":"page","link":"https:\/\/www.kinderlieder.at\/","title":{"rendered":"Home"},"content":{"rendered":"\t\t<div data-elementor-type=\"wp-page\" data-elementor-id=\"1501\" class=\"elementor elementor-1501\" data-elementor-post-type=\"page\">\n\t\t\t\t\t\t<section class=\"elementor-section elementor-top-section elementor-element elementor-element-19619ad elementor-section-height-full elementor-section-boxed elementor-section-height-default elementor-section-items-middle\" data-id=\"19619ad\" data-element_type=\"section\" data-e-type=\"section\" data-settings=\"{&quot;background_background&quot;:&quot;classic&quot;}\">\n\t\t\t\t\t\t\t<div class=\"elementor-background-overlay\"><\/div>\n\t\t\t\t\t\t\t<div class=\"elementor-container elementor-column-gap-no\">\n\t\t\t\t\t<div class=\"elementor-column elementor-col-50 elementor-top-column elementor-element elementor-element-3028c2f elementor-invisible\" data-id=\"3028c2f\" data-element_type=\"column\" data-e-type=\"column\" data-settings=\"{&quot;animation&quot;:&quot;fadeInLeft&quot;}\">\n\t\t\t<div class=\"elementor-widget-wrap elementor-element-populated\">\n\t\t\t\t\t\t<div class=\"elementor-element elementor-element-8331bdc elementor-widget elementor-widget-heading\" data-id=\"8331bdc\" data-element_type=\"widget\" data-e-type=\"widget\" data-widget_type=\"heading.default\">\n\t\t\t\t<div class=\"elementor-widget-container\">\n\t\t\t\t\t<h6 class=\"elementor-heading-title elementor-size-default\">Kinderliedermacher <\/h6>\t\t\t\t<\/div>\n\t\t\t\t<\/div>\n\t\t\t\t<div class=\"elementor-element elementor-element-fffd983 elementor-widget elementor-widget-heading\" data-id=\"fffd983\" data-element_type=\"widget\" data-e-type=\"widget\" data-widget_type=\"heading.default\">\n\t\t\t\t<div class=\"elementor-widget-container\">\n\t\t\t\t\t<h1 class=\"elementor-heading-title elementor-size-default\">Bernhard Fibich<\/h1>\t\t\t\t<\/div>\n\t\t\t\t<\/div>\n\t\t\t\t<div class=\"elementor-element elementor-element-153b77b elementor-widget elementor-widget-text-editor\" data-id=\"153b77b\" data-element_type=\"widget\" data-e-type=\"widget\" data-widget_type=\"text-editor.default\">\n\t\t\t\t<div class=\"elementor-widget-container\">\n\t\t\t\t\t\t\t\t\t<p style=\"font-weight: 400;\">Lustige Mitmach-Konzerte\nf\u00fcr die ganze Familie!\nRespekt, Toleranz, Integration.<\/p>\t\t\t\t\t\t\t\t<\/div>\n\t\t\t\t<\/div>\n\t\t\t\t<div class=\"elementor-element elementor-element-b740e43 elementor-widget elementor-widget-button\" data-id=\"b740e43\" data-element_type=\"widget\" data-e-type=\"widget\" data-widget_type=\"button.default\">\n\t\t\t\t<div class=\"elementor-widget-container\">\n\t\t\t\t\t\t\t\t\t<div class=\"elementor-button-wrapper\">\n\t\t\t\t\t<a class=\"elementor-button elementor-button-link elementor-size-sm\" href=\"#kontakt\">\n\t\t\t\t\t\t<span class=\"elementor-button-content-wrapper\">\n\t\t\t\t\t\t<span class=\"elementor-button-icon\">\n\t\t\t\t<svg xmlns=\"http:\/\/www.w3.org\/2000\/svg\" viewBox=\"0 0 2048 2048\"><path d=\"M6.125 1088h1797.89l-402.976 403 89.994 90L2048 1024l-556.966-557-89.994 90 402.976 403H6.125v128z\"><\/path><\/svg>\t\t\t<\/span>\n\t\t\t\t\t\t\t\t\t<span class=\"elementor-button-text\">Kontakt<\/span>\n\t\t\t\t\t<\/span>\n\t\t\t\t\t<\/a>\n\t\t\t\t<\/div>\n\t\t\t\t\t\t\t\t<\/div>\n\t\t\t\t<\/div>\n\t\t\t\t<div class=\"elementor-element elementor-element-3f49a77 elementor-widget elementor-widget-button\" data-id=\"3f49a77\" data-element_type=\"widget\" data-e-type=\"widget\" data-widget_type=\"button.default\">\n\t\t\t\t<div class=\"elementor-widget-container\">\n\t\t\t\t\t\t\t\t\t<div class=\"elementor-button-wrapper\">\n\t\t\t\t\t<a class=\"elementor-button elementor-button-link elementor-size-sm\" href=\"http:\/\/fibich.cac.at\/newsletter-bestellen.htm\" target=\"_blank\">\n\t\t\t\t\t\t<span class=\"elementor-button-content-wrapper\">\n\t\t\t\t\t\t<span class=\"elementor-button-icon\">\n\t\t\t\t<svg xmlns=\"http:\/\/www.w3.org\/2000\/svg\" viewBox=\"0 0 2048 2048\"><path d=\"M6.125 1088h1797.89l-402.976 403 89.994 90L2048 1024l-556.966-557-89.994 90 402.976 403H6.125v128z\"><\/path><\/svg>\t\t\t<\/span>\n\t\t\t\t\t\t\t\t\t<span class=\"elementor-button-text\">Newsletter<\/span>\n\t\t\t\t\t<\/span>\n\t\t\t\t\t<\/a>\n\t\t\t\t<\/div>\n\t\t\t\t\t\t\t\t<\/div>\n\t\t\t\t<\/div>\n\t\t\t\t\t<\/div>\n\t\t<\/div>\n\t\t\t\t<div class=\"elementor-column elementor-col-50 elementor-top-column elementor-element elementor-element-60c9164\" data-id=\"60c9164\" data-element_type=\"column\" data-e-type=\"column\">\n\t\t\t<div class=\"elementor-widget-wrap elementor-element-populated\">\n\t\t\t\t\t\t<div class=\"elementor-element elementor-element-cec9f96 elementor-invisible elementor-widget elementor-widget-image\" data-id=\"cec9f96\" data-element_type=\"widget\" data-e-type=\"widget\" data-settings=\"{&quot;_animation&quot;:&quot;fadeInRight&quot;}\" data-widget_type=\"image.default\">\n\t\t\t\t<div class=\"elementor-widget-container\">\n\t\t\t\t\t\t\t\t\t\t\t\t\t\t\t<img fetchpriority=\"high\" decoding=\"async\" width=\"1416\" height=\"2585\" src=\"https:\/\/www.kinderlieder.at\/wp-content\/uploads\/2022\/04\/fotoFrei.png\" class=\"attachment-full size-full wp-image-938\" alt=\"\" srcset=\"https:\/\/www.kinderlieder.at\/wp-content\/uploads\/2022\/04\/fotoFrei.png 1416w, https:\/\/www.kinderlieder.at\/wp-content\/uploads\/2022\/04\/fotoFrei-164x300.png 164w, https:\/\/www.kinderlieder.at\/wp-content\/uploads\/2022\/04\/fotoFrei-561x1024.png 561w, https:\/\/www.kinderlieder.at\/wp-content\/uploads\/2022\/04\/fotoFrei-768x1402.png 768w, https:\/\/www.kinderlieder.at\/wp-content\/uploads\/2022\/04\/fotoFrei-841x1536.png 841w, https:\/\/www.kinderlieder.at\/wp-content\/uploads\/2022\/04\/fotoFrei-1122x2048.png 1122w\" sizes=\"(max-width: 1416px) 100vw, 1416px\" \/>\t\t\t\t\t\t\t\t\t\t\t\t\t\t\t<\/div>\n\t\t\t\t<\/div>\n\t\t\t\t\t<\/div>\n\t\t<\/div>\n\t\t\t\t\t<\/div>\n\t\t<\/section>\n\t\t\t\t<section class=\"elementor-section elementor-top-section elementor-element elementor-element-9c1561e elementor-section-boxed elementor-section-height-default elementor-section-height-default\" data-id=\"9c1561e\" data-element_type=\"section\" data-e-type=\"section\" data-settings=\"{&quot;background_background&quot;:&quot;classic&quot;}\">\n\t\t\t\t\t\t\t<div class=\"elementor-background-overlay\"><\/div>\n\t\t\t\t\t\t\t<div class=\"elementor-container elementor-column-gap-no\">\n\t\t\t\t\t<div class=\"elementor-column elementor-col-100 elementor-top-column elementor-element elementor-element-df2ed1f\" data-id=\"df2ed1f\" data-element_type=\"column\" data-e-type=\"column\">\n\t\t\t<div class=\"elementor-widget-wrap elementor-element-populated\">\n\t\t\t\t\t\t<div class=\"elementor-element elementor-element-7f973d1 elementor-widget elementor-widget-heading\" data-id=\"7f973d1\" data-element_type=\"widget\" data-e-type=\"widget\" data-widget_type=\"heading.default\">\n\t\t\t\t<div class=\"elementor-widget-container\">\n\t\t\t\t\t<h2 class=\"elementor-heading-title elementor-size-default\">\"\u00d6sterreichs Kinderliedermacher Nr.1\"<\/h2>\t\t\t\t<\/div>\n\t\t\t\t<\/div>\n\t\t\t\t\t<\/div>\n\t\t<\/div>\n\t\t\t\t\t<\/div>\n\t\t<\/section>\n\t\t\t\t<section class=\"elementor-section elementor-top-section elementor-element elementor-element-04fb75b elementor-section-height-min-height elementor-section-boxed elementor-section-height-default elementor-section-items-middle\" data-id=\"04fb75b\" data-element_type=\"section\" data-e-type=\"section\" id=\"mich\" data-settings=\"{&quot;background_background&quot;:&quot;classic&quot;}\">\n\t\t\t\t\t\t<div class=\"elementor-container elementor-column-gap-no\">\n\t\t\t\t\t<div class=\"elementor-column elementor-col-100 elementor-top-column elementor-element elementor-element-a52a9cf elementor-invisible\" data-id=\"a52a9cf\" data-element_type=\"column\" data-e-type=\"column\" data-settings=\"{&quot;background_background&quot;:&quot;classic&quot;,&quot;animation&quot;:&quot;fadeInRight&quot;}\">\n\t\t\t<div class=\"elementor-widget-wrap elementor-element-populated\">\n\t\t\t\t\t\t<div class=\"elementor-element elementor-element-70be739 elementor-widget elementor-widget-heading\" data-id=\"70be739\" data-element_type=\"widget\" data-e-type=\"widget\" data-widget_type=\"heading.default\">\n\t\t\t\t<div class=\"elementor-widget-container\">\n\t\t\t\t\t<h2 class=\"elementor-heading-title elementor-size-default\">Bernhard Fibich<\/h2>\t\t\t\t<\/div>\n\t\t\t\t<\/div>\n\t\t\t\t<div class=\"elementor-element elementor-element-35ae5dc elementor-widget elementor-widget-text-editor\" data-id=\"35ae5dc\" data-element_type=\"widget\" data-e-type=\"widget\" data-widget_type=\"text-editor.default\">\n\t\t\t\t<div class=\"elementor-widget-container\">\n\t\t\t\t\t\t\t\t\t<ul><li>Ich bin hauptberuflicher Kinderliedermacher seit 1991.<\/li><li>Ich bin Vater 3er erwachsener Kinder.<\/li><li>Ich bin Gro\u00dfvater.<\/li><li>Ich lebe im Waldviertel (Nieder\u00f6sterreich).<\/li><li>Ich spiele etwa 250 Mitmachkonzerte pro Jahr in ganz \u00d6sterreich.<\/li><\/ul>\t\t\t\t\t\t\t\t<\/div>\n\t\t\t\t<\/div>\n\t\t\t\t\t<\/div>\n\t\t<\/div>\n\t\t\t\t\t<\/div>\n\t\t<\/section>\n\t\t\t\t<section class=\"elementor-section elementor-top-section elementor-element elementor-element-5163cb5b elementor-section-content-middle elementor-reverse-mobile elementor-reverse-tablet elementor-section-boxed elementor-section-height-default elementor-section-height-default\" data-id=\"5163cb5b\" data-element_type=\"section\" data-e-type=\"section\" id=\"booking\" data-settings=\"{&quot;background_background&quot;:&quot;classic&quot;}\">\n\t\t\t\t\t\t\t<div class=\"elementor-background-overlay\"><\/div>\n\t\t\t\t\t\t\t<div class=\"elementor-container elementor-column-gap-no\">\n\t\t\t\t\t<div class=\"elementor-column elementor-col-50 elementor-top-column elementor-element elementor-element-10bed73b\" data-id=\"10bed73b\" data-element_type=\"column\" data-e-type=\"column\" data-settings=\"{&quot;background_background&quot;:&quot;classic&quot;}\">\n\t\t\t<div class=\"elementor-widget-wrap elementor-element-populated\">\n\t\t\t\t\t\t<div class=\"elementor-element elementor-element-3b1eb136 elementor-widget elementor-widget-heading\" data-id=\"3b1eb136\" data-element_type=\"widget\" data-e-type=\"widget\" data-widget_type=\"heading.default\">\n\t\t\t\t<div class=\"elementor-widget-container\">\n\t\t\t\t\t<h2 class=\"elementor-heading-title elementor-size-default\">Booking<\/h2>\t\t\t\t<\/div>\n\t\t\t\t<\/div>\n\t\t\t\t<div class=\"elementor-element elementor-element-c7e3e47 elementor-widget elementor-widget-text-editor\" data-id=\"c7e3e47\" data-element_type=\"widget\" data-e-type=\"widget\" data-widget_type=\"text-editor.default\">\n\t\t\t\t<div class=\"elementor-widget-container\">\n\t\t\t\t\t\t\t\t\t<p style=\"font-weight: 400;\"><strong>Kinderliedermacher Bernhard Fibich<br \/>zu einem Mitmachkonzert<br \/>f\u00fcr Kinder einladen?<\/strong><\/p><p style=\"font-weight: 400;\"><strong>Ja, das ist m\u00f6glich!<\/strong><\/p><p>Fragen Sie unverbindlich an:<\/p><p style=\"font-weight: 400;\"><strong>E-Mail:\u00a0<\/strong><strong><span style=\"color: #ffff00;\"><a style=\"color: #ffff00;\" href=\"mailto:bernhard@kinderlieder.at?subject=Unverbindliche%20Anfrage\">bernhard@kinderlieder.at<\/a><\/span><br \/>Telefon:<span style=\"color: #ffff00;\"> <a style=\"color: #ffff00;\" href=\"tel:02982-46 31\">02982-46 31<\/a><\/span><\/strong><\/p><p><strong>Keine speziellen Anforderungen an Saalausstattung<br \/>oder B\u00fchnengr\u00f6\u00dfe!<\/strong><\/p><p>Ein Bernhard-Fibich-Konzert kann \u00fcberall dort stattfinden, wo Kinder sind und ausreichend Platz vorhanden ist!\u00a0<\/p><p>Outdoor, Indoor, im Festsaal, Turnsaal, Gemeindesaal, Konzertsaal, Theater, Einkaufszentrum, im Kindergarten, in der Volksschule, im Gasthaus, auf der Wiese, Open Air, am Spielplatz oder zuhause auf dem<br \/>privaten Kindergeburtstagsfest!\u00a0<\/p><p>Bernhard Fibich kommt bei Bedarf mit eigener Tonanlage und bringt<br \/>die gesamte technische Ausstattung sowie alle Instrumente selbst mit.<\/p><p style=\"font-weight: 400;\">Konzerte f\u00fcr Kinder spielt Bernhard auf Wunsch gerne auch online live auf Zoom oder YouTube!<\/p><p style=\"font-weight: 400;\">Gut zu wissen: Gratis-Storno bereits vereinbarter Konzert-Termine!<\/p><p><strong>Was ist ein Mitmachkonzert?<\/strong><\/p><p>Bernhard Fibichs Konzerte und Tontr\u00e4ger umfassen ausschlie\u00dflich neue, von ihm komponierte und getextete Lieder f\u00fcr Kinder von 3-11 Jahren.<\/p><p>Bernhards Mitmach-Konzerte sind sehr lustig, schwungvoll und reich an Bewegung f\u00fcr die Kinder.<\/p><p>Die Musik ist kindgerecht, einpr\u00e4gsam und wird LIVE gespielt.<br \/>Bernhard Fibich begleitet sich als traditioneller Singer-Songwriter selbst auf der Gitarre.<\/p><p>Die Lieder und eingebetteten Aktionen sind nach p\u00e4dagogischen Gesichtspunkten konzipiert und durch h\u00e4ufigen Methodenwechsel gekennzeichnet.<\/p><p>Alle Konzertprogramme Bernhard Fibichs haben als Grundprinzip die Aktivierung und spielerische Miteinbeziehung der Kinder im Publikum.<\/p><p>Das p\u00e4dagogische Konzept der Mitmach-Konzerte Bernhard Fibichs beinhaltet den absoluten Respekt vor der Pers\u00f6nlichkeit der teilnehmenden Kinder und ist darauf ausgerichtet, Kindern und Eltern<br \/>ein Gemeinschaftserlebnis besonderer Art zu erm\u00f6glichen.<\/p><p>Bernhard-Fibich-Konzerte sind auch f\u00fcr Eltern, Gro\u00dfeltern und alle erwachsenen Begleitpersonen sehr lustig und unterhaltsam.<\/p><p>Diese\u00a0<strong>Bernhard-Fibich-Konzertprogramme\u00a0<\/strong>k\u00f6nnen Sie buchen:<\/p><p>&#8211; Best\u00a0of\u00a0Bernhard Fibich<br \/>&#8211; Best\u00a0of\u00a0Bernhard Fibich &#8211; Part 02 (Sonnenschein und Regen)<br \/>&#8211; Best\u00a0of\u00a0Bernhard Fibich &#8211; Part 03 (Anna hat Geburtstag)<br \/>&#8211; Best\u00a0of\u00a0Bernhard Fibich &#8211; Part 04 (Kuddelmuddel und Gesprudel)<br \/>&#8211; Neue Advent- und Weihnachtslieder (Es schneit, es schneit!)<br \/>&#8211; New Songs\u00a0for\u00a0Children (in English)<br \/>&#8211; Unplugged \u2013 Kindergeburtstags-Minikonzert (30 Minuten)<\/p><p><strong>Spieldauer:<\/strong>\u00a0ca. 60 Minuten<\/p><p>Spezielle Programme f\u00fcr Festivals und Gro\u00dfveranstaltungen sowie private Veranstaltungen (<strong>Kindergeburtstage!<\/strong>).<\/p><p>Ausschnitte aus den Konzertprogrammen und von Konzertbesuchern hochgeladene Beitr\u00e4ge finden Sie hier:<br \/><span style=\"color: #ffff99;\"><strong><a style=\"color: #ffff99;\" href=\"https:\/\/www.youtube.com\/@bernhard110262\">https:\/\/www.youtube.com\/@bernhard110262<\/a><\/strong><\/span><\/p>\t\t\t\t\t\t\t\t<\/div>\n\t\t\t\t<\/div>\n\t\t\t\t\t<\/div>\n\t\t<\/div>\n\t\t\t\t<div class=\"elementor-column elementor-col-50 elementor-top-column elementor-element elementor-element-3091b680\" data-id=\"3091b680\" data-element_type=\"column\" data-e-type=\"column\">\n\t\t\t<div class=\"elementor-widget-wrap elementor-element-populated\">\n\t\t\t\t\t\t<div class=\"elementor-element elementor-element-399271b3 elementor-widget elementor-widget-image\" data-id=\"399271b3\" data-element_type=\"widget\" data-e-type=\"widget\" data-widget_type=\"image.default\">\n\t\t\t\t<div class=\"elementor-widget-container\">\n\t\t\t\t\t\t\t\t\t\t\t\t<figure class=\"wp-caption\">\n\t\t\t\t\t\t\t\t\t\t<img decoding=\"async\" width=\"1200\" height=\"1600\" src=\"https:\/\/www.kinderlieder.at\/wp-content\/uploads\/2025\/11\/BernhardNOeKISSimPublikum01.jpg\" class=\"attachment-full size-full wp-image-2063\" alt=\"\" srcset=\"https:\/\/www.kinderlieder.at\/wp-content\/uploads\/2025\/11\/BernhardNOeKISSimPublikum01.jpg 1200w, https:\/\/www.kinderlieder.at\/wp-content\/uploads\/2025\/11\/BernhardNOeKISSimPublikum01-225x300.jpg 225w, https:\/\/www.kinderlieder.at\/wp-content\/uploads\/2025\/11\/BernhardNOeKISSimPublikum01-768x1024.jpg 768w, https:\/\/www.kinderlieder.at\/wp-content\/uploads\/2025\/11\/BernhardNOeKISSimPublikum01-1152x1536.jpg 1152w\" sizes=\"(max-width: 1200px) 100vw, 1200px\" \/>\t\t\t\t\t\t\t\t\t\t\t<figcaption class=\"widget-image-caption wp-caption-text\">Fotocredit: DI Martina Ruzek<\/figcaption>\n\t\t\t\t\t\t\t\t\t\t<\/figure>\n\t\t\t\t\t\t\t\t\t<\/div>\n\t\t\t\t<\/div>\n\t\t\t\t<div class=\"elementor-element elementor-element-4ffcec9 elementor-widget elementor-widget-image\" data-id=\"4ffcec9\" data-element_type=\"widget\" data-e-type=\"widget\" data-widget_type=\"image.default\">\n\t\t\t\t<div class=\"elementor-widget-container\">\n\t\t\t\t\t\t\t\t\t\t\t\t\t\t\t<img decoding=\"async\" width=\"6142\" height=\"9352\" src=\"https:\/\/www.kinderlieder.at\/wp-content\/uploads\/2022\/04\/Plakat_Fibich_JPEG_ORIGINAL.jpg\" class=\"attachment-full size-full wp-image-924\" alt=\"\" srcset=\"https:\/\/www.kinderlieder.at\/wp-content\/uploads\/2022\/04\/Plakat_Fibich_JPEG_ORIGINAL.jpg 6142w, https:\/\/www.kinderlieder.at\/wp-content\/uploads\/2022\/04\/Plakat_Fibich_JPEG_ORIGINAL-197x300.jpg 197w, https:\/\/www.kinderlieder.at\/wp-content\/uploads\/2022\/04\/Plakat_Fibich_JPEG_ORIGINAL-673x1024.jpg 673w, https:\/\/www.kinderlieder.at\/wp-content\/uploads\/2022\/04\/Plakat_Fibich_JPEG_ORIGINAL-768x1169.jpg 768w\" sizes=\"(max-width: 6142px) 100vw, 6142px\" \/>\t\t\t\t\t\t\t\t\t\t\t\t\t\t\t<\/div>\n\t\t\t\t<\/div>\n\t\t\t\t\t<\/div>\n\t\t<\/div>\n\t\t\t\t\t<\/div>\n\t\t<\/section>\n\t\t\t\t<section class=\"elementor-section elementor-top-section elementor-element elementor-element-789b9cef elementor-section-content-middle elementor-reverse-mobile elementor-section-boxed elementor-section-height-default elementor-section-height-default\" data-id=\"789b9cef\" data-element_type=\"section\" data-e-type=\"section\" data-settings=\"{&quot;background_background&quot;:&quot;classic&quot;}\">\n\t\t\t\t\t\t\t<div class=\"elementor-background-overlay\"><\/div>\n\t\t\t\t\t\t\t<div class=\"elementor-container elementor-column-gap-no\">\n\t\t\t\t\t<div class=\"elementor-column elementor-col-100 elementor-top-column elementor-element elementor-element-36e3c957\" data-id=\"36e3c957\" data-element_type=\"column\" data-e-type=\"column\">\n\t\t\t<div class=\"elementor-widget-wrap elementor-element-populated\">\n\t\t\t\t\t\t<section class=\"elementor-section elementor-inner-section elementor-element elementor-element-3778f1d6 elementor-section-boxed elementor-section-height-default elementor-section-height-default elementor-invisible\" data-id=\"3778f1d6\" data-element_type=\"section\" data-e-type=\"section\" data-settings=\"{&quot;animation&quot;:&quot;fadeInRight&quot;}\">\n\t\t\t\t\t\t<div class=\"elementor-container elementor-column-gap-default\">\n\t\t\t\t\t<div class=\"elementor-column elementor-col-50 elementor-inner-column elementor-element elementor-element-51893286\" data-id=\"51893286\" data-element_type=\"column\" data-e-type=\"column\">\n\t\t\t<div class=\"elementor-widget-wrap elementor-element-populated\">\n\t\t\t\t\t\t<div class=\"elementor-element elementor-element-7e6f5a7a elementor-widget elementor-widget-text-editor\" data-id=\"7e6f5a7a\" data-element_type=\"widget\" data-e-type=\"widget\" data-widget_type=\"text-editor.default\">\n\t\t\t\t<div class=\"elementor-widget-container\">\n\t\t\t\t\t\t\t\t\t<p><strong>Honorar:<\/strong><\/p><p>Richtet sich nach Gr\u00f6\u00dfe und Art der Veranstaltung. <br \/>M\u00f6glich sind Pauschalhonorare oder eine Beteiligung am Eintrittsentgelt.<\/p><p>Fragen Sie unverbindlich an:<\/p><p>E-Mail:\u00a0<strong><a href=\"mailto:bernhard@kinderlieder.at?subject=Unverbindliche%20Anfrage\">bernhard@kinderlieder.at<\/a><\/strong><br \/>Telefon: 02982-46 31<\/p>\t\t\t\t\t\t\t\t<\/div>\n\t\t\t\t<\/div>\n\t\t\t\t\t<\/div>\n\t\t<\/div>\n\t\t\t\t<div class=\"elementor-column elementor-col-50 elementor-inner-column elementor-element elementor-element-465bee84\" data-id=\"465bee84\" data-element_type=\"column\" data-e-type=\"column\">\n\t\t\t<div class=\"elementor-widget-wrap elementor-element-populated\">\n\t\t\t\t\t\t<div class=\"elementor-element elementor-element-71792d1b elementor-widget elementor-widget-text-editor\" data-id=\"71792d1b\" data-element_type=\"widget\" data-e-type=\"widget\" data-widget_type=\"text-editor.default\">\n\t\t\t\t<div class=\"elementor-widget-container\">\n\t\t\t\t\t\t\t\t\t<p><strong>Download Werbematerial:<\/strong><\/p><p><strong><a href=\"https:\/\/fibich.cac.at\/fibichplakat_hochaufloesend.jpg\">Download Plakat &#8211; hochaufl\u00f6send\u00a0<\/a>\u00a0(jpg)\u00a0\u00a0\u00a0<\/strong><\/p><p><a href=\"https:\/\/fibich.cac.at\/fibich-plakat-a2.pdf\">Download Plakat A2<\/a>\u00a0(pdf)<\/p><p><a href=\"https:\/\/fibich.cac.at\/fibichpressefotos.zip\">Download Pressefotos<\/a>\u00a0(zip)<\/p><p><a href=\"https:\/\/fibich.cac.at\/fibichpressetext.pdf\">Download Pressetext\u00a0<\/a>(pdf)<\/p>\t\t\t\t\t\t\t\t<\/div>\n\t\t\t\t<\/div>\n\t\t\t\t\t<\/div>\n\t\t<\/div>\n\t\t\t\t\t<\/div>\n\t\t<\/section>\n\t\t\t\t\t<\/div>\n\t\t<\/div>\n\t\t\t\t\t<\/div>\n\t\t<\/section>\n\t\t\t\t<section class=\"elementor-section elementor-top-section elementor-element elementor-element-7b6d050 elementor-section-content-middle elementor-reverse-tablet elementor-reverse-mobile elementor-section-boxed elementor-section-height-default elementor-section-height-default\" data-id=\"7b6d050\" data-element_type=\"section\" data-e-type=\"section\" id=\"spotify\" data-settings=\"{&quot;background_background&quot;:&quot;classic&quot;}\">\n\t\t\t\t\t\t<div class=\"elementor-container elementor-column-gap-no\">\n\t\t\t\t\t<div class=\"elementor-column elementor-col-100 elementor-top-column elementor-element elementor-element-8edf14e\" data-id=\"8edf14e\" data-element_type=\"column\" data-e-type=\"column\">\n\t\t\t<div class=\"elementor-widget-wrap elementor-element-populated\">\n\t\t\t\t\t\t<div class=\"elementor-element elementor-element-9e38aab elementor-widget elementor-widget-heading\" data-id=\"9e38aab\" data-element_type=\"widget\" data-e-type=\"widget\" data-widget_type=\"heading.default\">\n\t\t\t\t<div class=\"elementor-widget-container\">\n\t\t\t\t\t<h2 class=\"elementor-heading-title elementor-size-default\">Bernhard Fibich auf Spotify<\/h2>\t\t\t\t<\/div>\n\t\t\t\t<\/div>\n\t\t\t\t<div class=\"elementor-element elementor-element-755f71f elementor-widget elementor-widget-html\" data-id=\"755f71f\" data-element_type=\"widget\" data-e-type=\"widget\" data-widget_type=\"html.default\">\n\t\t\t\t<div class=\"elementor-widget-container\">\n\t\t\t\t\t<iframe data-testid=\"embed-iframe\" style=\"border-radius:12px\" src=\"https:\/\/open.spotify.com\/embed\/artist\/3RZx98OXMSpjVHQo2xDsEH?utm_source=generator\" width=\"100%\" height=\"752\" frameBorder=\"0\" allowfullscreen=\"\" allow=\"autoplay; clipboard-write; encrypted-media; fullscreen; picture-in-picture\" loading=\"lazy\"><\/iframe>\n\t\t\t\t<\/div>\n\t\t\t\t<\/div>\n\t\t\t\t\t<\/div>\n\t\t<\/div>\n\t\t\t\t\t<\/div>\n\t\t<\/section>\n\t\t\t\t<section class=\"elementor-section elementor-top-section elementor-element elementor-element-37512928 elementor-section-boxed elementor-section-height-default elementor-section-height-default\" data-id=\"37512928\" data-element_type=\"section\" data-e-type=\"section\" id=\"free-download\" data-settings=\"{&quot;background_background&quot;:&quot;classic&quot;}\">\n\t\t\t\t\t\t<div class=\"elementor-container elementor-column-gap-default\">\n\t\t\t\t\t<div class=\"elementor-column elementor-col-50 elementor-top-column elementor-element elementor-element-1a6f60c0\" data-id=\"1a6f60c0\" data-element_type=\"column\" data-e-type=\"column\">\n\t\t\t<div class=\"elementor-widget-wrap elementor-element-populated\">\n\t\t\t\t\t\t<div class=\"elementor-element elementor-element-273c4873 elementor-widget elementor-widget-heading\" data-id=\"273c4873\" data-element_type=\"widget\" data-e-type=\"widget\" data-widget_type=\"heading.default\">\n\t\t\t\t<div class=\"elementor-widget-container\">\n\t\t\t\t\t<h2 class=\"elementor-heading-title elementor-size-default\">MP3 <\/br>\n\nGratis-Download!\n<\/h2>\t\t\t\t<\/div>\n\t\t\t\t<\/div>\n\t\t\t\t<div class=\"elementor-element elementor-element-72330449 elementor-widget elementor-widget-text-editor\" data-id=\"72330449\" data-element_type=\"widget\" data-e-type=\"widget\" data-widget_type=\"text-editor.default\">\n\t\t\t\t<div class=\"elementor-widget-container\">\n\t\t\t\t\t\t\t\t\t<p><strong>Best of Bernhard Fibich!<\/strong><\/p><p>Speichern Sie die lustigsten Bernhard-Fibich-Lieder<br \/>GRATIS auf Ihrem \u201eTONIE\u201c, \u00a0Handy oder Computer!<\/p><p>Bitte beachten Sie:<br \/>Der Download ist ausschlie\u00dflich f\u00fcr den privaten Gebrauch gestattet!<br \/>Alle Lieder sind urheberrechtlich gesch\u00fctzt!<\/p><p>Klicken Sie auf den Button!<\/p>\t\t\t\t\t\t\t\t<\/div>\n\t\t\t\t<\/div>\n\t\t\t\t<div class=\"elementor-element elementor-element-6efe92e6 elementor-widget elementor-widget-image\" data-id=\"6efe92e6\" data-element_type=\"widget\" data-e-type=\"widget\" data-widget_type=\"image.default\">\n\t\t\t\t<div class=\"elementor-widget-container\">\n\t\t\t\t\t\t\t\t\t\t\t\t\t\t\t<img decoding=\"async\" src=\"https:\/\/www.kinderlieder.at\/wp-content\/uploads\/elementor\/thumbs\/Pressefoto-Bernhard-Fibich-2024-Abdruck-honorarfrei-Hochformat-01-qn4d19cx9q6o3iyqd0vy7ah71ii33gsdctlmqgsopg.jpg\" title=\"Pressefoto &#8211; Bernhard Fibich &#8211; 2024 &#8211; Abdruck honorarfrei &#8211; Hochformat 01\" alt=\"Pressefoto - Bernhard Fibich - 2024 - Abdruck honorarfrei - Hochformat 01\" loading=\"lazy\" \/>\t\t\t\t\t\t\t\t\t\t\t\t\t\t\t<\/div>\n\t\t\t\t<\/div>\n\t\t\t\t\t<\/div>\n\t\t<\/div>\n\t\t\t\t<div class=\"elementor-column elementor-col-50 elementor-top-column elementor-element elementor-element-2af4bd86\" data-id=\"2af4bd86\" data-element_type=\"column\" data-e-type=\"column\">\n\t\t\t<div class=\"elementor-widget-wrap elementor-element-populated\">\n\t\t\t\t\t\t<div class=\"elementor-element elementor-element-373d6ecb elementor-widget elementor-widget-slide-compact-player\" data-id=\"373d6ecb\" data-element_type=\"widget\" data-e-type=\"widget\" data-widget_type=\"slide-compact-player.default\">\n\t\t\t\t<div class=\"elementor-widget-container\">\n\t\t\t\t\t\r\n\t\t<div class=\"swp_music_player compact-player\" id=\"mpfe_69f2f35aada43\" data-autoplay=\"no\" data-playmode=\"repeat\" data-stopplaylistend=\"no\" data-stopsongend=\"yes\" data-repeatmode=\"unset\" data-pfs=\"no\">\r\n\t\t\t<div class=\"swp-compact-player\">\r\n\t\t\t\t<div class=\"swp-compact-cover\">\r\n\t\t\t\t\t<div class=\"swp-compact-cover-container\"><\/div>\r\n\t\t\t\t\t<div class=\"compact-cover-overlay album_left_overlay lc_swp_overlay\"><\/div>\r\n\t\t\t\t<\/div>\r\n\r\n\t\t\t\t<div class=\"swp-compact-player-info\">\r\n\t\t\t\t\t<div class=\"compact-info-overlay album_right_overlay lc_swp_overlay\"><\/div>\r\n\t\t\t\t\t<div class=\"compact-info-content\">\r\n\t\t\t\t\t\t<div class=\"compact-info-top mpfe_clearfix\">\r\n\t\t\t\t\t\t\t<div class=\"compact-song-details\">\r\n\t\t\t\t\t\t\t\t<div class=\"current_song_name compact-song-name\"><\/div>\r\n\t\t\t\t\t\t\t\t<div class=\"current_album_name compact-album-name\"><\/div>\r\n\t\t\t\t\t\t\t<\/div>\r\n\t\t\t\t\t\t\t<div class=\"compact-play-pause\">\r\n\t\t\t\t\t\t\t\t<span class=\"compact-play-container \">\r\n\t\t\t\t\t\t\t\t\t<i class=\"fas fa-play player_play compact_play compact-playpause\"><\/i>\r\n\t\t\t\t\t\t\t\t<\/span>\r\n\t\t\t\t\t\t\t\t<span class=\"compact-pause-container\">\r\n\t\t\t\t\t\t\t\t\t<i class=\"fas fa-pause player_pause compact_pause compact-playpause display_none\"><\/i>\r\n\t\t\t\t\t\t\t\t<\/span>\r\n\t\t\t\t\t\t\t<\/div>\r\n\t\t\t\t\t\t<\/div>\r\n\r\n\t\t\t\t\t\t<div class=\"smc_player_progress_bar compact-progress-bar\">\r\n\t\t\t\t\t\t\t<div class=\"player_time_slider_base compact-player-slider-base ltr_direction\"><\/div>\r\n\t\t\t\t\t\t\t<div class=\"player_time_slider compact-player-slider\"><\/div>\r\n\t\t\t\t\t\t<\/div>\r\n\r\n\t\t\t\t\t\t<div class=\"compact-info-bottom mpfe_clearfix\">\r\n\t\t\t\t\t\t\t<div class=\"compact-timeline\">\r\n\t\t\t\t\t\t\t\t<span class=\"song_current_progress compact_current_progress\">0:00<\/span>\r\n\t\t\t\t\t\t\t\t<span class=\"player_duration_sep compact_duration_sep\">&#47;<\/span>\r\n\t\t\t\t\t\t\t\t<span class=\"song_duration compact_song_duration\">0:00<\/span>\r\n\t\t\t\t\t\t\t<\/div>\r\n\r\n\t\t\t\t\t\t\t\r\n\t\t\t\t\t\t\t<div class=\"compact-controls\">\r\n\t\t\t\t\t\t\t\t\r\n\t\t\t\t\t\t\t\t\t\t\t\t\t\t\t\t\t\t\t\t\t\t\t\t<i class=\"fas fa-step-backward mpfe-compact-bottom-player-icon\"><\/i>\r\n\t\t\t\t\t\t\t\t<i class=\"fas fa-step-forward mpfe-compact-bottom-player-icon\"><\/i>\r\n\t\t\t\t\t\t\t\t\t\t\t\t\t\t\t\t\t\t\t\t\t\t\t\t\r\n\r\n\r\n\t\t\t\t\t\t\t\t\t\t\t\t\t\t\t<\/div>\r\n\t\t\t\t\t\t<\/div>\r\n\t\t\t\t\t<\/div>\r\n\t\t\t\t<\/div>\r\n\t\t\t<\/div>\r\n\r\n\t\t\t\r\n\t\t\t<div class=\"swp-compact-playlist swp-playlist-under\">\r\n\t\t\t\t\t\t\t\t<div class=\"swp-compact-playlist-inner-container swp-playlist-under-inner-container\">\r\n\t\t\t\t\t<div class=\"swp-compact-playlist-inner\">\r\n\t\t\t\t\t\t\t<div class=\"swp_music_player_entry compact-player-entry mpfe_clearfix\" data-mediafile=\"https:\/\/www.kinderlieder.at\/wp-content\/uploads\/2025\/04\/Wiener-Schnitzel-Sauerkraut.mp3\">\r\n\t\t\t<span class=\"swp_song_details player_entry_left compact_player_entry_left\">\r\n\t\t\t\t<span class=\"play_icon compact_player_playlist_under_play\">\r\n\t\t\t\t\t<i class=\"fas fa-play before_song compact_bs compact_bs_play\"><\/i>\r\n\t\t\t\t\t<i class=\"fas fa-pause before_song compact_bs compact_bs_pause display_none\"><\/i>\r\n\t\t\t\t<\/span>\r\n\t\t\t\t<span class=\"player_song_name transition3\" data-albumname=\"\">\r\n\t\t\t\t\tWiener Schnitzel Sauerkraut                               \t\t\t\t<\/span>\r\n\t\t\t\t\t\t\t<\/span>\r\n\r\n\t\t\t<span class=\"entry_duration mpfe_fix_lh\"><\/span>\t\t\r\n\r\n\t\t\t<span class=\"song_buy_icons compact_buy_icons transition3 mpfe_clearfix mobile_visibility_show\">\r\n\t\t\t\t\t\t\t\t\t\t\t\t\t\t\t\t\t\t\t\t\t\t\t\t\t\t\t\t\t\t\t\t\t\t\t\t\t\t\t<a target=\"_self\" class=\"buy_song_icon\" href=\"https:\/\/www.kinderlieder.at?sdc_download=1901&#038;key=60hv3n9tx2yzpmoil4k09lokngodt4\" download>\r\n\t\t\t\t\t\t\t<i aria-hidden=\"true\" class=\"fas fa-arrow-down\"><\/i>\t\t\t\t\t\t<\/a>\r\n\t\t\t\t\t\r\n\t\t\t\t\t\r\n\t\t\t\t\t\t\t\t\t\t\r\n\t\t\t\t\t\t\t<\/span>\r\n\r\n\t\t\t\t\t<\/div>\r\n\r\n\t\t\t\t<div class=\"swp_music_player_entry compact-player-entry mpfe_clearfix\" data-mediafile=\"https:\/\/www.kinderlieder.at\/wp-content\/uploads\/2025\/04\/Ja-so-bin-ich.mp3\">\r\n\t\t\t<span class=\"swp_song_details player_entry_left compact_player_entry_left\">\r\n\t\t\t\t<span class=\"play_icon compact_player_playlist_under_play\">\r\n\t\t\t\t\t<i class=\"fas fa-play before_song compact_bs compact_bs_play\"><\/i>\r\n\t\t\t\t\t<i class=\"fas fa-pause before_song compact_bs compact_bs_pause display_none\"><\/i>\r\n\t\t\t\t<\/span>\r\n\t\t\t\t<span class=\"player_song_name transition3\" data-albumname=\"\">\r\n\t\t\t\t\tJa, so bin ich  \t\t\t\t<\/span>\r\n\t\t\t\t\t\t\t<\/span>\r\n\r\n\t\t\t<span class=\"entry_duration mpfe_fix_lh\"><\/span>\t\t\r\n\r\n\t\t\t<span class=\"song_buy_icons compact_buy_icons transition3 mpfe_clearfix mobile_visibility_show\">\r\n\t\t\t\t\t\t\t\t\t\t\t\t\t\t\t\t\t\t\t\t\t\t\t\t\t\t\t\t\t\t\t\t\t\t\t\t\t\t\t<a target=\"_self\" class=\"buy_song_icon\" href=\"https:\/\/www.kinderlieder.at?sdc_download=1902&#038;key=5x3nafmzzgwbag0oc4fsh5flooi8zw\" download>\r\n\t\t\t\t\t\t\t<i aria-hidden=\"true\" class=\"fas fa-arrow-down\"><\/i>\t\t\t\t\t\t<\/a>\r\n\t\t\t\t\t\r\n\t\t\t\t\t\r\n\t\t\t\t\t\t\t\t\t\t\r\n\t\t\t\t\t\t\t<\/span>\r\n\r\n\t\t\t\t\t<\/div>\r\n\r\n\t\t\t\t<div class=\"swp_music_player_entry compact-player-entry mpfe_clearfix\" data-mediafile=\"https:\/\/www.kinderlieder.at\/wp-content\/uploads\/2025\/04\/Gugelhupf-hupf-hupf-Kuechentango.mp3\">\r\n\t\t\t<span class=\"swp_song_details player_entry_left compact_player_entry_left\">\r\n\t\t\t\t<span class=\"play_icon compact_player_playlist_under_play\">\r\n\t\t\t\t\t<i class=\"fas fa-play before_song compact_bs compact_bs_play\"><\/i>\r\n\t\t\t\t\t<i class=\"fas fa-pause before_song compact_bs compact_bs_pause display_none\"><\/i>\r\n\t\t\t\t<\/span>\r\n\t\t\t\t<span class=\"player_song_name transition3\" data-albumname=\"\">\r\n\t\t\t\t\tGugelhupf, hupf, hupf (K\u00fcchentango)\t\t\t\t<\/span>\r\n\t\t\t\t\t\t\t<\/span>\r\n\r\n\t\t\t<span class=\"entry_duration mpfe_fix_lh\"><\/span>\t\t\r\n\r\n\t\t\t<span class=\"song_buy_icons compact_buy_icons transition3 mpfe_clearfix mobile_visibility_show\">\r\n\t\t\t\t\t\t\t\t\t\t\t\t\t\t\t\t\t\t\t\t\t\t\t\t\t\t\t\t\t\t\t\t\t\t\t\t\t\t\t<a target=\"_self\" class=\"buy_song_icon\" href=\"https:\/\/www.kinderlieder.at?sdc_download=1903&#038;key=dvibyprss3d0ea40w5eilaxmevv36k\" download>\r\n\t\t\t\t\t\t\t<i aria-hidden=\"true\" class=\"fas fa-arrow-down\"><\/i>\t\t\t\t\t\t<\/a>\r\n\t\t\t\t\t\r\n\t\t\t\t\t\r\n\t\t\t\t\t\t\t\t\t\t\r\n\t\t\t\t\t\t\t<\/span>\r\n\r\n\t\t\t\t\t<\/div>\r\n\r\n\t\t\t\t<div class=\"swp_music_player_entry compact-player-entry mpfe_clearfix\" data-mediafile=\"https:\/\/www.kinderlieder.at\/wp-content\/uploads\/2025\/04\/Die-Dschungelband.mp3\">\r\n\t\t\t<span class=\"swp_song_details player_entry_left compact_player_entry_left\">\r\n\t\t\t\t<span class=\"play_icon compact_player_playlist_under_play\">\r\n\t\t\t\t\t<i class=\"fas fa-play before_song compact_bs compact_bs_play\"><\/i>\r\n\t\t\t\t\t<i class=\"fas fa-pause before_song compact_bs compact_bs_pause display_none\"><\/i>\r\n\t\t\t\t<\/span>\r\n\t\t\t\t<span class=\"player_song_name transition3\" data-albumname=\"\">\r\n\t\t\t\t\tDie Dschungelband\t\t\t\t<\/span>\r\n\t\t\t\t\t\t\t<\/span>\r\n\r\n\t\t\t<span class=\"entry_duration mpfe_fix_lh\"><\/span>\t\t\r\n\r\n\t\t\t<span class=\"song_buy_icons compact_buy_icons transition3 mpfe_clearfix mobile_visibility_show\">\r\n\t\t\t\t\t\t\t\t\t\t\t\t\t\t\t\t\t\t\t\t\t\t\t\t\t\t\t\t\t\t\t\t\t\t\t\t\t\t\t<a target=\"_self\" class=\"buy_song_icon\" href=\"https:\/\/www.kinderlieder.at?sdc_download=1904&#038;key=mng634w0b220piujycdkomchpijmny\" download>\r\n\t\t\t\t\t\t\t<i aria-hidden=\"true\" class=\"fas fa-arrow-down\"><\/i>\t\t\t\t\t\t<\/a>\r\n\t\t\t\t\t\r\n\t\t\t\t\t\r\n\t\t\t\t\t\t\t\t\t\t\r\n\t\t\t\t\t\t\t<\/span>\r\n\r\n\t\t\t\t\t<\/div>\r\n\r\n\t\t\t\t<div class=\"swp_music_player_entry compact-player-entry mpfe_clearfix\" data-mediafile=\"https:\/\/www.kinderlieder.at\/wp-content\/uploads\/2025\/04\/Muff-der-kleine-Teddybaer.mp3\">\r\n\t\t\t<span class=\"swp_song_details player_entry_left compact_player_entry_left\">\r\n\t\t\t\t<span class=\"play_icon compact_player_playlist_under_play\">\r\n\t\t\t\t\t<i class=\"fas fa-play before_song compact_bs compact_bs_play\"><\/i>\r\n\t\t\t\t\t<i class=\"fas fa-pause before_song compact_bs compact_bs_pause display_none\"><\/i>\r\n\t\t\t\t<\/span>\r\n\t\t\t\t<span class=\"player_song_name transition3\" data-albumname=\"\">\r\n\t\t\t\t\tMuff, der kleine Teddyb\u00e4r                                       \t\t\t\t<\/span>\r\n\t\t\t\t\t\t\t<\/span>\r\n\r\n\t\t\t<span class=\"entry_duration mpfe_fix_lh\"><\/span>\t\t\r\n\r\n\t\t\t<span class=\"song_buy_icons compact_buy_icons transition3 mpfe_clearfix mobile_visibility_show\">\r\n\t\t\t\t\t\t\t\t\t\t\t\t\t\t\t\t\t\t\t\t\t\t\t\t\t\t\t\t\t\t\t\t\t\t\t\t\t\t\t<a target=\"_self\" class=\"buy_song_icon\" href=\"https:\/\/www.kinderlieder.at?sdc_download=1905&#038;key=4wfl5lv7p913zn1ej76vbqyyibtnd0\" download>\r\n\t\t\t\t\t\t\t<i aria-hidden=\"true\" class=\"fas fa-arrow-down\"><\/i>\t\t\t\t\t\t<\/a>\r\n\t\t\t\t\t\r\n\t\t\t\t\t\r\n\t\t\t\t\t\t\t\t\t\t\r\n\t\t\t\t\t\t\t<\/span>\r\n\r\n\t\t\t\t\t<\/div>\r\n\r\n\t\t\t\t<div class=\"swp_music_player_entry compact-player-entry mpfe_clearfix\" data-mediafile=\"https:\/\/www.kinderlieder.at\/wp-content\/uploads\/2025\/04\/Turnen-ist-gesund.mp3\">\r\n\t\t\t<span class=\"swp_song_details player_entry_left compact_player_entry_left\">\r\n\t\t\t\t<span class=\"play_icon compact_player_playlist_under_play\">\r\n\t\t\t\t\t<i class=\"fas fa-play before_song compact_bs compact_bs_play\"><\/i>\r\n\t\t\t\t\t<i class=\"fas fa-pause before_song compact_bs compact_bs_pause display_none\"><\/i>\r\n\t\t\t\t<\/span>\r\n\t\t\t\t<span class=\"player_song_name transition3\" data-albumname=\"\">\r\n\t\t\t\t\tTurnen ist gesund                              \t\t\t\t<\/span>\r\n\t\t\t\t\t\t\t<\/span>\r\n\r\n\t\t\t<span class=\"entry_duration mpfe_fix_lh\"><\/span>\t\t\r\n\r\n\t\t\t<span class=\"song_buy_icons compact_buy_icons transition3 mpfe_clearfix mobile_visibility_show\">\r\n\t\t\t\t\t\t\t\t\t\t\t\t\t\t\t\t\t\t\t\t\t\t\t\t\t\t\t\t\t\t\t\t\t\t\t\t\t\t\t<a target=\"_self\" class=\"buy_song_icon\" href=\"https:\/\/www.kinderlieder.at?sdc_download=1906&#038;key=3bi7qudztu21cdhpw0srld08uhqdgb\" download>\r\n\t\t\t\t\t\t\t<i aria-hidden=\"true\" class=\"fas fa-arrow-down\"><\/i>\t\t\t\t\t\t<\/a>\r\n\t\t\t\t\t\r\n\t\t\t\t\t\r\n\t\t\t\t\t\t\t\t\t\t\r\n\t\t\t\t\t\t\t<\/span>\r\n\r\n\t\t\t\t\t<\/div>\r\n\r\n\t\t\t\t<div class=\"swp_music_player_entry compact-player-entry mpfe_clearfix\" data-mediafile=\"https:\/\/www.kinderlieder.at\/wp-content\/uploads\/2025\/04\/Gschamster-Diener.mp3\">\r\n\t\t\t<span class=\"swp_song_details player_entry_left compact_player_entry_left\">\r\n\t\t\t\t<span class=\"play_icon compact_player_playlist_under_play\">\r\n\t\t\t\t\t<i class=\"fas fa-play before_song compact_bs compact_bs_play\"><\/i>\r\n\t\t\t\t\t<i class=\"fas fa-pause before_song compact_bs compact_bs_pause display_none\"><\/i>\r\n\t\t\t\t<\/span>\r\n\t\t\t\t<span class=\"player_song_name transition3\" data-albumname=\"\">\r\n\t\t\t\t\tGschamster Diener                  \t\t\t\t<\/span>\r\n\t\t\t\t\t\t\t<\/span>\r\n\r\n\t\t\t<span class=\"entry_duration mpfe_fix_lh\"><\/span>\t\t\r\n\r\n\t\t\t<span class=\"song_buy_icons compact_buy_icons transition3 mpfe_clearfix mobile_visibility_show\">\r\n\t\t\t\t\t\t\t\t\t\t\t\t\t\t\t\t\t\t\t\t\t\t\t\t\t\t\t\t\t\t\t\t\t\t\t\t\t\t\t<a target=\"_self\" class=\"buy_song_icon\" href=\"https:\/\/www.kinderlieder.at?sdc_download=1907&#038;key=3czwp2obeex8oqcpvijavudm5fsavk\" download>\r\n\t\t\t\t\t\t\t<i aria-hidden=\"true\" class=\"fas fa-arrow-down\"><\/i>\t\t\t\t\t\t<\/a>\r\n\t\t\t\t\t\r\n\t\t\t\t\t\r\n\t\t\t\t\t\t\t\t\t\t\r\n\t\t\t\t\t\t\t<\/span>\r\n\r\n\t\t\t\t\t<\/div>\r\n\r\n\t\t\t\t<div class=\"swp_music_player_entry compact-player-entry mpfe_clearfix\" data-mediafile=\"https:\/\/www.kinderlieder.at\/wp-content\/uploads\/2025\/04\/Bitte-nicht-mehr-schimpfen.mp3\">\r\n\t\t\t<span class=\"swp_song_details player_entry_left compact_player_entry_left\">\r\n\t\t\t\t<span class=\"play_icon compact_player_playlist_under_play\">\r\n\t\t\t\t\t<i class=\"fas fa-play before_song compact_bs compact_bs_play\"><\/i>\r\n\t\t\t\t\t<i class=\"fas fa-pause before_song compact_bs compact_bs_pause display_none\"><\/i>\r\n\t\t\t\t<\/span>\r\n\t\t\t\t<span class=\"player_song_name transition3\" data-albumname=\"\">\r\n\t\t\t\t\tBitte nicht mehr schimpfen            \t\t\t\t<\/span>\r\n\t\t\t\t\t\t\t<\/span>\r\n\r\n\t\t\t<span class=\"entry_duration mpfe_fix_lh\"><\/span>\t\t\r\n\r\n\t\t\t<span class=\"song_buy_icons compact_buy_icons transition3 mpfe_clearfix mobile_visibility_show\">\r\n\t\t\t\t\t\t\t\t\t\t\t\t\t\t\t\t\t\t\t\t\t\t\t\t\t\t\t\t\t\t\t\t\t\t\t\t\t\t\t<a target=\"_self\" class=\"buy_song_icon\" href=\"https:\/\/www.kinderlieder.at?sdc_download=1908&#038;key=mquqyfe1atxdbpxmobka9a6ev1z6lh\" download>\r\n\t\t\t\t\t\t\t<i aria-hidden=\"true\" class=\"fas fa-arrow-down\"><\/i>\t\t\t\t\t\t<\/a>\r\n\t\t\t\t\t\r\n\t\t\t\t\t\r\n\t\t\t\t\t\t\t\t\t\t\r\n\t\t\t\t\t\t\t<\/span>\r\n\r\n\t\t\t\t\t<\/div>\r\n\r\n\t\t\t\t<div class=\"swp_music_player_entry compact-player-entry mpfe_clearfix\" data-mediafile=\"https:\/\/www.kinderlieder.at\/wp-content\/uploads\/2025\/04\/Lumpi-unser-Hund.mp3\">\r\n\t\t\t<span class=\"swp_song_details player_entry_left compact_player_entry_left\">\r\n\t\t\t\t<span class=\"play_icon compact_player_playlist_under_play\">\r\n\t\t\t\t\t<i class=\"fas fa-play before_song compact_bs compact_bs_play\"><\/i>\r\n\t\t\t\t\t<i class=\"fas fa-pause before_song compact_bs compact_bs_pause display_none\"><\/i>\r\n\t\t\t\t<\/span>\r\n\t\t\t\t<span class=\"player_song_name transition3\" data-albumname=\"\">\r\n\t\t\t\t\tLumpi, unser Hund   \t\t\t\t<\/span>\r\n\t\t\t\t\t\t\t<\/span>\r\n\r\n\t\t\t<span class=\"entry_duration mpfe_fix_lh\"><\/span>\t\t\r\n\r\n\t\t\t<span class=\"song_buy_icons compact_buy_icons transition3 mpfe_clearfix mobile_visibility_show\">\r\n\t\t\t\t\t\t\t\t\t\t\t\t\t\t\t\t\t\t\t\t\t\t\t\t\t\t\t\t\t\t\t\t\t\t\t\t\t\t\t<a target=\"_self\" class=\"buy_song_icon\" href=\"https:\/\/www.kinderlieder.at?sdc_download=1909&#038;key=4811nkgux9hcdipvho37k0veh37zf6\" download>\r\n\t\t\t\t\t\t\t<i aria-hidden=\"true\" class=\"fas fa-arrow-down\"><\/i>\t\t\t\t\t\t<\/a>\r\n\t\t\t\t\t\r\n\t\t\t\t\t\r\n\t\t\t\t\t\t\t\t\t\t\r\n\t\t\t\t\t\t\t<\/span>\r\n\r\n\t\t\t\t\t<\/div>\r\n\r\n\t\t\t\t<div class=\"swp_music_player_entry compact-player-entry mpfe_clearfix\" data-mediafile=\"https:\/\/www.kinderlieder.at\/wp-content\/uploads\/2025\/04\/Maxl-das-ist-doch-verkehrt.mp3\">\r\n\t\t\t<span class=\"swp_song_details player_entry_left compact_player_entry_left\">\r\n\t\t\t\t<span class=\"play_icon compact_player_playlist_under_play\">\r\n\t\t\t\t\t<i class=\"fas fa-play before_song compact_bs compact_bs_play\"><\/i>\r\n\t\t\t\t\t<i class=\"fas fa-pause before_song compact_bs compact_bs_pause display_none\"><\/i>\r\n\t\t\t\t<\/span>\r\n\t\t\t\t<span class=\"player_song_name transition3\" data-albumname=\"\">\r\n\t\t\t\t\tMaxl, das ist doch verkehrt (LIVE)\t\t\t\t<\/span>\r\n\t\t\t\t\t\t\t<\/span>\r\n\r\n\t\t\t<span class=\"entry_duration mpfe_fix_lh\"><\/span>\t\t\r\n\r\n\t\t\t<span class=\"song_buy_icons compact_buy_icons transition3 mpfe_clearfix mobile_visibility_show\">\r\n\t\t\t\t\t\t\t\t\t\t\t\t\t\t\t\t\t\t\t\t\t\t\t\t\t\t\t\t\t\t\t\t\t\t\t\t\t\t\t<a target=\"_self\" class=\"buy_song_icon\" href=\"https:\/\/www.kinderlieder.at?sdc_download=1910&#038;key=52sksyvod0lu6u2iit840wgdrdch86\" download>\r\n\t\t\t\t\t\t\t<i aria-hidden=\"true\" class=\"fas fa-arrow-down\"><\/i>\t\t\t\t\t\t<\/a>\r\n\t\t\t\t\t\r\n\t\t\t\t\t\r\n\t\t\t\t\t\t\t\t\t\t\r\n\t\t\t\t\t\t\t<\/span>\r\n\r\n\t\t\t\t\t<\/div>\r\n\r\n\t\t\t\t\t\t\t<\/div>\r\n\t\t\t\t<\/div>\r\n\t\t\t<\/div>\r\n\t\t<\/div>\r\n\r\n\t\t\t\t\t\t<\/div>\n\t\t\t\t<\/div>\n\t\t\t\t\t<\/div>\n\t\t<\/div>\n\t\t\t\t\t<\/div>\n\t\t<\/section>\n\t\t\t\t<section class=\"elementor-section elementor-top-section elementor-element elementor-element-4d6e4c8d elementor-section-height-min-height elementor-section-boxed elementor-section-height-default elementor-section-items-middle\" data-id=\"4d6e4c8d\" data-element_type=\"section\" data-e-type=\"section\" id=\"fotos\" data-settings=\"{&quot;background_background&quot;:&quot;classic&quot;}\">\n\t\t\t\t\t\t<div class=\"elementor-container elementor-column-gap-default\">\n\t\t\t\t\t<div class=\"elementor-column elementor-col-100 elementor-top-column elementor-element elementor-element-1ecc1e7d\" data-id=\"1ecc1e7d\" data-element_type=\"column\" data-e-type=\"column\">\n\t\t\t<div class=\"elementor-widget-wrap elementor-element-populated\">\n\t\t\t\t\t\t<div class=\"elementor-element elementor-element-3a776b0f elementor-widget elementor-widget-gallery\" data-id=\"3a776b0f\" data-element_type=\"widget\" data-e-type=\"widget\" data-settings=\"{&quot;columns&quot;:3,&quot;columns_tablet&quot;:3,&quot;columns_mobile&quot;:3,&quot;gallery_layout&quot;:&quot;grid&quot;,&quot;gap&quot;:{&quot;unit&quot;:&quot;px&quot;,&quot;size&quot;:10,&quot;sizes&quot;:[]},&quot;gap_tablet&quot;:{&quot;unit&quot;:&quot;px&quot;,&quot;size&quot;:10,&quot;sizes&quot;:[]},&quot;gap_mobile&quot;:{&quot;unit&quot;:&quot;px&quot;,&quot;size&quot;:10,&quot;sizes&quot;:[]},&quot;link_to&quot;:&quot;file&quot;,&quot;aspect_ratio&quot;:&quot;3:2&quot;,&quot;overlay_background&quot;:&quot;yes&quot;,&quot;content_hover_animation&quot;:&quot;fade-in&quot;}\" data-widget_type=\"gallery.default\">\n\t\t\t\t<div class=\"elementor-widget-container\">\n\t\t\t\t\t\t\t<div class=\"elementor-gallery__container\">\n\t\t\t\t\t\t\t<a class=\"e-gallery-item elementor-gallery-item elementor-animated-content\" href=\"https:\/\/www.kinderlieder.at\/wp-content\/uploads\/2022\/04\/hell-live.jpg\" data-elementor-open-lightbox=\"yes\" data-elementor-lightbox-slideshow=\"3a776b0f\" data-elementor-lightbox-title=\"hell-live\" data-e-action-hash=\"#elementor-action%3Aaction%3Dlightbox%26settings%3DeyJpZCI6OTMwLCJ1cmwiOiJodHRwczpcL1wvd3d3LmtpbmRlcmxpZWRlci5hdFwvd3AtY29udGVudFwvdXBsb2Fkc1wvMjAyMlwvMDRcL2hlbGwtbGl2ZS5qcGciLCJzbGlkZXNob3ciOiIzYTc3NmIwZiJ9\">\n\t\t\t\t\t<div class=\"e-gallery-image elementor-gallery-item__image\" data-thumbnail=\"https:\/\/www.kinderlieder.at\/wp-content\/uploads\/2022\/04\/hell-live-300x200.jpg\" data-width=\"300\" data-height=\"200\" aria-label=\"\" role=\"img\" ><\/div>\n\t\t\t\t\t\t\t\t\t\t\t<div class=\"elementor-gallery-item__overlay\"><\/div>\n\t\t\t\t\t\t\t\t\t\t\t\t\t\t<\/a>\n\t\t\t\t\t\t\t<a class=\"e-gallery-item elementor-gallery-item elementor-animated-content\" href=\"https:\/\/www.kinderlieder.at\/wp-content\/uploads\/2022\/04\/Bernhard-Publikum.jpg\" data-elementor-open-lightbox=\"yes\" data-elementor-lightbox-slideshow=\"3a776b0f\" data-elementor-lightbox-title=\"Bernhard-Publikum\" data-e-action-hash=\"#elementor-action%3Aaction%3Dlightbox%26settings%3DeyJpZCI6OTI5LCJ1cmwiOiJodHRwczpcL1wvd3d3LmtpbmRlcmxpZWRlci5hdFwvd3AtY29udGVudFwvdXBsb2Fkc1wvMjAyMlwvMDRcL0Jlcm5oYXJkLVB1Ymxpa3VtLmpwZyIsInNsaWRlc2hvdyI6IjNhNzc2YjBmIn0%3D\">\n\t\t\t\t\t<div class=\"e-gallery-image elementor-gallery-item__image\" data-thumbnail=\"https:\/\/www.kinderlieder.at\/wp-content\/uploads\/2022\/04\/Bernhard-Publikum-300x103.jpg\" data-width=\"300\" data-height=\"103\" aria-label=\"\" role=\"img\" ><\/div>\n\t\t\t\t\t\t\t\t\t\t\t<div class=\"elementor-gallery-item__overlay\"><\/div>\n\t\t\t\t\t\t\t\t\t\t\t\t\t\t<\/a>\n\t\t\t\t\t\t\t<a class=\"e-gallery-item elementor-gallery-item elementor-animated-content\" href=\"https:\/\/www.kinderlieder.at\/wp-content\/uploads\/2022\/04\/Pressefoto-Bernhard-Fibich-9-Jetztgehtslos-Abdruck-honorarfrei.jpg\" data-elementor-open-lightbox=\"yes\" data-elementor-lightbox-slideshow=\"3a776b0f\" data-elementor-lightbox-title=\"Pressefoto---Bernhard-Fibich-9---Jetztgehtslos---Abdruck-honorarfrei\" data-e-action-hash=\"#elementor-action%3Aaction%3Dlightbox%26settings%3DeyJpZCI6OTIxLCJ1cmwiOiJodHRwczpcL1wvd3d3LmtpbmRlcmxpZWRlci5hdFwvd3AtY29udGVudFwvdXBsb2Fkc1wvMjAyMlwvMDRcL1ByZXNzZWZvdG8tQmVybmhhcmQtRmliaWNoLTktSmV0enRnZWh0c2xvcy1BYmRydWNrLWhvbm9yYXJmcmVpLmpwZyIsInNsaWRlc2hvdyI6IjNhNzc2YjBmIn0%3D\">\n\t\t\t\t\t<div class=\"e-gallery-image elementor-gallery-item__image\" data-thumbnail=\"https:\/\/www.kinderlieder.at\/wp-content\/uploads\/2022\/04\/Pressefoto-Bernhard-Fibich-9-Jetztgehtslos-Abdruck-honorarfrei-300x225.jpg\" data-width=\"300\" data-height=\"225\" aria-label=\"\" role=\"img\" ><\/div>\n\t\t\t\t\t\t\t\t\t\t\t<div class=\"elementor-gallery-item__overlay\"><\/div>\n\t\t\t\t\t\t\t\t\t\t\t\t\t\t<\/a>\n\t\t\t\t\t\t\t<a class=\"e-gallery-item elementor-gallery-item elementor-animated-content\" href=\"https:\/\/www.kinderlieder.at\/wp-content\/uploads\/2022\/04\/Pressefoto-Bernhard-Fibich-8-c-Andreas-Rathmanner.jpg\" data-elementor-open-lightbox=\"yes\" data-elementor-lightbox-slideshow=\"3a776b0f\" data-elementor-lightbox-title=\"Pressefoto---Bernhard-Fibich-8---c-Andreas-Rathmanner\" data-e-action-hash=\"#elementor-action%3Aaction%3Dlightbox%26settings%3DeyJpZCI6OTIwLCJ1cmwiOiJodHRwczpcL1wvd3d3LmtpbmRlcmxpZWRlci5hdFwvd3AtY29udGVudFwvdXBsb2Fkc1wvMjAyMlwvMDRcL1ByZXNzZWZvdG8tQmVybmhhcmQtRmliaWNoLTgtYy1BbmRyZWFzLVJhdGhtYW5uZXIuanBnIiwic2xpZGVzaG93IjoiM2E3NzZiMGYifQ%3D%3D\">\n\t\t\t\t\t<div class=\"e-gallery-image elementor-gallery-item__image\" data-thumbnail=\"https:\/\/www.kinderlieder.at\/wp-content\/uploads\/2022\/04\/Pressefoto-Bernhard-Fibich-8-c-Andreas-Rathmanner-300x200.jpg\" data-width=\"300\" data-height=\"200\" aria-label=\"\" role=\"img\" ><\/div>\n\t\t\t\t\t\t\t\t\t\t\t<div class=\"elementor-gallery-item__overlay\"><\/div>\n\t\t\t\t\t\t\t\t\t\t\t\t\t\t<\/a>\n\t\t\t\t\t\t\t<a class=\"e-gallery-item elementor-gallery-item elementor-animated-content\" href=\"https:\/\/www.kinderlieder.at\/wp-content\/uploads\/2022\/04\/Plakat_Fibich_JPEG_ORIGINAL.jpg\" data-elementor-open-lightbox=\"yes\" data-elementor-lightbox-slideshow=\"3a776b0f\" data-elementor-lightbox-title=\"Plakat_Fibich_JPEG_ORIGINAL\" data-e-action-hash=\"#elementor-action%3Aaction%3Dlightbox%26settings%3DeyJpZCI6OTI0LCJ1cmwiOiJodHRwczpcL1wvd3d3LmtpbmRlcmxpZWRlci5hdFwvd3AtY29udGVudFwvdXBsb2Fkc1wvMjAyMlwvMDRcL1BsYWthdF9GaWJpY2hfSlBFR19PUklHSU5BTC5qcGciLCJzbGlkZXNob3ciOiIzYTc3NmIwZiJ9\">\n\t\t\t\t\t<div class=\"e-gallery-image elementor-gallery-item__image\" data-thumbnail=\"https:\/\/www.kinderlieder.at\/wp-content\/uploads\/2022\/04\/Plakat_Fibich_JPEG_ORIGINAL-197x300.jpg\" data-width=\"197\" data-height=\"300\" aria-label=\"\" role=\"img\" ><\/div>\n\t\t\t\t\t\t\t\t\t\t\t<div class=\"elementor-gallery-item__overlay\"><\/div>\n\t\t\t\t\t\t\t\t\t\t\t\t\t\t<\/a>\n\t\t\t\t\t\t\t<a class=\"e-gallery-item elementor-gallery-item elementor-animated-content\" href=\"https:\/\/www.kinderlieder.at\/wp-content\/uploads\/2022\/04\/Pressefoto-Bernhard-Fibich-1-Portrait-Abdruck-honorarfrei-scaled.jpg\" data-elementor-open-lightbox=\"yes\" data-elementor-lightbox-slideshow=\"3a776b0f\" data-elementor-lightbox-title=\"Pressefoto---Bernhard-Fibich-1-Portrait---Abdruck-honorarfrei\" data-e-action-hash=\"#elementor-action%3Aaction%3Dlightbox%26settings%3DeyJpZCI6OTI1LCJ1cmwiOiJodHRwczpcL1wvd3d3LmtpbmRlcmxpZWRlci5hdFwvd3AtY29udGVudFwvdXBsb2Fkc1wvMjAyMlwvMDRcL1ByZXNzZWZvdG8tQmVybmhhcmQtRmliaWNoLTEtUG9ydHJhaXQtQWJkcnVjay1ob25vcmFyZnJlaS1zY2FsZWQuanBnIiwic2xpZGVzaG93IjoiM2E3NzZiMGYifQ%3D%3D\">\n\t\t\t\t\t<div class=\"e-gallery-image elementor-gallery-item__image\" data-thumbnail=\"https:\/\/www.kinderlieder.at\/wp-content\/uploads\/2022\/04\/Pressefoto-Bernhard-Fibich-1-Portrait-Abdruck-honorarfrei-201x300.jpg\" data-width=\"201\" data-height=\"300\" aria-label=\"\" role=\"img\" ><\/div>\n\t\t\t\t\t\t\t\t\t\t\t<div class=\"elementor-gallery-item__overlay\"><\/div>\n\t\t\t\t\t\t\t\t\t\t\t\t\t\t<\/a>\n\t\t\t\t\t\t\t<a class=\"e-gallery-item elementor-gallery-item elementor-animated-content\" href=\"https:\/\/www.kinderlieder.at\/wp-content\/uploads\/2022\/04\/Pressefoto-Bernhard-Fibich-10-Selfie-01-Abdruck-honorarfrei.jpg\" data-elementor-open-lightbox=\"yes\" data-elementor-lightbox-slideshow=\"3a776b0f\" data-elementor-lightbox-title=\"Pressefoto---Bernhard-Fibich-10---Selfie-01---Abdruck-honorarfrei\" data-e-action-hash=\"#elementor-action%3Aaction%3Dlightbox%26settings%3DeyJpZCI6OTI3LCJ1cmwiOiJodHRwczpcL1wvd3d3LmtpbmRlcmxpZWRlci5hdFwvd3AtY29udGVudFwvdXBsb2Fkc1wvMjAyMlwvMDRcL1ByZXNzZWZvdG8tQmVybmhhcmQtRmliaWNoLTEwLVNlbGZpZS0wMS1BYmRydWNrLWhvbm9yYXJmcmVpLmpwZyIsInNsaWRlc2hvdyI6IjNhNzc2YjBmIn0%3D\">\n\t\t\t\t\t<div class=\"e-gallery-image elementor-gallery-item__image\" data-thumbnail=\"https:\/\/www.kinderlieder.at\/wp-content\/uploads\/2022\/04\/Pressefoto-Bernhard-Fibich-10-Selfie-01-Abdruck-honorarfrei-241x300.jpg\" data-width=\"241\" data-height=\"300\" aria-label=\"\" role=\"img\" ><\/div>\n\t\t\t\t\t\t\t\t\t\t\t<div class=\"elementor-gallery-item__overlay\"><\/div>\n\t\t\t\t\t\t\t\t\t\t\t\t\t\t<\/a>\n\t\t\t\t\t\t\t<a class=\"e-gallery-item elementor-gallery-item elementor-animated-content\" href=\"https:\/\/www.kinderlieder.at\/wp-content\/uploads\/2022\/04\/appsticker.jpg\" data-elementor-open-lightbox=\"yes\" data-elementor-lightbox-slideshow=\"3a776b0f\" data-elementor-lightbox-title=\"appsticker\" data-e-action-hash=\"#elementor-action%3Aaction%3Dlightbox%26settings%3DeyJpZCI6OTI4LCJ1cmwiOiJodHRwczpcL1wvd3d3LmtpbmRlcmxpZWRlci5hdFwvd3AtY29udGVudFwvdXBsb2Fkc1wvMjAyMlwvMDRcL2FwcHN0aWNrZXIuanBnIiwic2xpZGVzaG93IjoiM2E3NzZiMGYifQ%3D%3D\">\n\t\t\t\t\t<div class=\"e-gallery-image elementor-gallery-item__image\" data-thumbnail=\"https:\/\/www.kinderlieder.at\/wp-content\/uploads\/2022\/04\/appsticker-300x300.jpg\" data-width=\"300\" data-height=\"300\" aria-label=\"\" role=\"img\" ><\/div>\n\t\t\t\t\t\t\t\t\t\t\t<div class=\"elementor-gallery-item__overlay\"><\/div>\n\t\t\t\t\t\t\t\t\t\t\t\t\t\t<\/a>\n\t\t\t\t\t\t\t<a class=\"e-gallery-item elementor-gallery-item elementor-animated-content\" href=\"https:\/\/www.kinderlieder.at\/wp-content\/uploads\/2022\/05\/Pressefoto-Bernhard-Fibich-07-Abdruck-honorarfrei.png\" data-elementor-open-lightbox=\"yes\" data-elementor-lightbox-slideshow=\"3a776b0f\" data-elementor-lightbox-title=\"Pressefoto Bernhard Fibich 07 - Abdruck honorarfrei\" data-e-action-hash=\"#elementor-action%3Aaction%3Dlightbox%26settings%3DeyJpZCI6MTE1NCwidXJsIjoiaHR0cHM6XC9cL3d3dy5raW5kZXJsaWVkZXIuYXRcL3dwLWNvbnRlbnRcL3VwbG9hZHNcLzIwMjJcLzA1XC9QcmVzc2Vmb3RvLUJlcm5oYXJkLUZpYmljaC0wNy1BYmRydWNrLWhvbm9yYXJmcmVpLnBuZyIsInNsaWRlc2hvdyI6IjNhNzc2YjBmIn0%3D\">\n\t\t\t\t\t<div class=\"e-gallery-image elementor-gallery-item__image\" data-thumbnail=\"https:\/\/www.kinderlieder.at\/wp-content\/uploads\/2022\/05\/Pressefoto-Bernhard-Fibich-07-Abdruck-honorarfrei-293x300.png\" data-width=\"293\" data-height=\"300\" aria-label=\"\" role=\"img\" ><\/div>\n\t\t\t\t\t\t\t\t\t\t\t<div class=\"elementor-gallery-item__overlay\"><\/div>\n\t\t\t\t\t\t\t\t\t\t\t\t\t\t<\/a>\n\t\t\t\t\t<\/div>\n\t\t\t\t\t<\/div>\n\t\t\t\t<\/div>\n\t\t\t\t\t<\/div>\n\t\t<\/div>\n\t\t\t\t\t<\/div>\n\t\t<\/section>\n\t\t\t\t<section class=\"elementor-section elementor-top-section elementor-element elementor-element-9b2bb14 elementor-section-boxed elementor-section-height-default elementor-section-height-default\" data-id=\"9b2bb14\" data-element_type=\"section\" data-e-type=\"section\" id=\"orf-video\" data-settings=\"{&quot;background_background&quot;:&quot;classic&quot;}\">\n\t\t\t\t\t\t<div class=\"elementor-container elementor-column-gap-default\">\n\t\t\t\t\t<div class=\"elementor-column elementor-col-50 elementor-top-column elementor-element elementor-element-123c1f63\" data-id=\"123c1f63\" data-element_type=\"column\" data-e-type=\"column\">\n\t\t\t<div class=\"elementor-widget-wrap elementor-element-populated\">\n\t\t\t\t\t\t<div class=\"elementor-element elementor-element-7176290f elementor-widget elementor-widget-image\" data-id=\"7176290f\" data-element_type=\"widget\" data-e-type=\"widget\" data-widget_type=\"image.default\">\n\t\t\t\t<div class=\"elementor-widget-container\">\n\t\t\t\t\t\t\t\t\t\t\t\t\t\t\t<img loading=\"lazy\" decoding=\"async\" width=\"454\" height=\"134\" src=\"https:\/\/www.kinderlieder.at\/wp-content\/uploads\/2025\/04\/ORF-LOGO-ohne-bg.jpg\" class=\"attachment-medium_large size-medium_large wp-image-1921\" alt=\"\" srcset=\"https:\/\/www.kinderlieder.at\/wp-content\/uploads\/2025\/04\/ORF-LOGO-ohne-bg.jpg 454w, https:\/\/www.kinderlieder.at\/wp-content\/uploads\/2025\/04\/ORF-LOGO-ohne-bg-300x89.jpg 300w\" sizes=\"(max-width: 454px) 100vw, 454px\" \/>\t\t\t\t\t\t\t\t\t\t\t\t\t\t\t<\/div>\n\t\t\t\t<\/div>\n\t\t\t\t\t<\/div>\n\t\t<\/div>\n\t\t\t\t<div class=\"elementor-column elementor-col-50 elementor-top-column elementor-element elementor-element-1992f5a6\" data-id=\"1992f5a6\" data-element_type=\"column\" data-e-type=\"column\" id=\"video\">\n\t\t\t<div class=\"elementor-widget-wrap elementor-element-populated\">\n\t\t\t\t\t\t<div class=\"elementor-element elementor-element-229f287b elementor-widget elementor-widget-video\" data-id=\"229f287b\" data-element_type=\"widget\" data-e-type=\"widget\" data-settings=\"{&quot;video_type&quot;:&quot;hosted&quot;,&quot;show_image_overlay&quot;:&quot;yes&quot;,&quot;image_overlay&quot;:{&quot;url&quot;:&quot;https:\\\/\\\/www.kinderlieder.at\\\/wp-content\\\/uploads\\\/2025\\\/04\\\/Vorschaubild-fuer-Video.png&quot;,&quot;id&quot;:1856,&quot;size&quot;:&quot;&quot;,&quot;alt&quot;:&quot;&quot;,&quot;source&quot;:&quot;library&quot;},&quot;controls&quot;:&quot;yes&quot;}\" playsinline=\"\" data-widget_type=\"video.default\">\n\t\t\t\t<div class=\"elementor-widget-container\">\n\t\t\t\t\t\t\t<div class=\"e-hosted-video elementor-wrapper elementor-open-inline\">\n\t\t\t\t\t<video class=\"elementor-video\" src=\"https:\/\/www.kinderlieder.at\/wp-content\/uploads\/2025\/04\/Video-ORF-250223small.mp4\" controls=\"\" preload=\"none\" controlsList=\"nodownload\"><\/video>\n\t\t\t\t\t\t<div class=\"elementor-custom-embed-image-overlay\" style=\"background-image: url(https:\/\/www.kinderlieder.at\/wp-content\/uploads\/2025\/04\/Vorschaubild-fuer-Video.png);\">\n\t\t\t\t\t\t\t\t\t\t\t\t\t\t\t\t<div class=\"elementor-custom-embed-play\" role=\"button\" aria-label=\"Video abspielen\" tabindex=\"0\">\n\t\t\t\t\t\t\t<i aria-hidden=\"true\" class=\"eicon-play\"><\/i>\t\t\t\t\t\t<\/div>\n\t\t\t\t\t\t\t\t\t<\/div>\n\t\t\t\t\t<\/div>\n\t\t\t\t\t\t<\/div>\n\t\t\t\t<\/div>\n\t\t\t\t\t<\/div>\n\t\t<\/div>\n\t\t\t\t\t<\/div>\n\t\t<\/section>\n\t\t\t\t<section class=\"elementor-section elementor-top-section elementor-element elementor-element-35e91d3a elementor-section-content-middle elementor-reverse-tablet elementor-reverse-mobile elementor-section-boxed elementor-section-height-default elementor-section-height-default\" data-id=\"35e91d3a\" data-element_type=\"section\" data-e-type=\"section\" id=\"shop\" data-settings=\"{&quot;background_background&quot;:&quot;classic&quot;}\">\n\t\t\t\t\t\t<div class=\"elementor-container elementor-column-gap-no\">\n\t\t\t\t\t<div class=\"elementor-column elementor-col-100 elementor-top-column elementor-element elementor-element-2c2a0ff9\" data-id=\"2c2a0ff9\" data-element_type=\"column\" data-e-type=\"column\">\n\t\t\t<div class=\"elementor-widget-wrap elementor-element-populated\">\n\t\t\t\t\t\t<div class=\"elementor-element elementor-element-630949d0 elementor-widget elementor-widget-heading\" data-id=\"630949d0\" data-element_type=\"widget\" data-e-type=\"widget\" data-widget_type=\"heading.default\">\n\t\t\t\t<div class=\"elementor-widget-container\">\n\t\t\t\t\t<h2 class=\"elementor-heading-title elementor-size-default\">Bernhard Fibich CD und DVD\nVerkauf \u00fcber \"AMAZON\"<\/h2>\t\t\t\t<\/div>\n\t\t\t\t<\/div>\n\t\t\t\t<div class=\"elementor-element elementor-element-2c0be037 elementor-widget elementor-widget-text-editor\" data-id=\"2c0be037\" data-element_type=\"widget\" data-e-type=\"widget\" data-widget_type=\"text-editor.default\">\n\t\t\t\t<div class=\"elementor-widget-container\">\n\t\t\t\t\t\t\t\t\t<p style=\"font-weight: 400;\"><span><strong>Klicken Sie bitte auf das Produktbild um zur Bestellseite des Tontr\u00e4gers auf \u201eAmazon\u201c zu gelangen. Auch bei einer Bestellung auf \u201eAmazon\u201c sende ich Ihnen die Ware pers\u00f6nlich (!) zu! Ich versende in der Regel noch am Bestelltag! Lieferzeit in \u00d6sterreich: 2-3 Werktage! Auf Amazon gelten von Amazon vorgegebene Versandspesen!<\/strong><\/span><\/p>\t\t\t\t\t\t\t\t<\/div>\n\t\t\t\t<\/div>\n\t\t\t\t\t<\/div>\n\t\t<\/div>\n\t\t\t\t\t<\/div>\n\t\t<\/section>\n\t\t\t\t<section class=\"elementor-section elementor-top-section elementor-element elementor-element-a7af173 elementor-section-boxed elementor-section-height-default elementor-section-height-default elementor-invisible\" data-id=\"a7af173\" data-element_type=\"section\" data-e-type=\"section\" data-settings=\"{&quot;background_background&quot;:&quot;classic&quot;,&quot;animation&quot;:&quot;fadeInRight&quot;}\">\n\t\t\t\t\t\t<div class=\"elementor-container elementor-column-gap-default\">\n\t\t\t\t\t<div class=\"elementor-column elementor-col-100 elementor-top-column elementor-element elementor-element-12d6bf4\" data-id=\"12d6bf4\" data-element_type=\"column\" data-e-type=\"column\">\n\t\t\t<div class=\"elementor-widget-wrap elementor-element-populated\">\n\t\t\t\t\t\t<div class=\"elementor-element elementor-element-345177f elementor-widget elementor-widget-heading\" data-id=\"345177f\" data-element_type=\"widget\" data-e-type=\"widget\" data-widget_type=\"heading.default\">\n\t\t\t\t<div class=\"elementor-widget-container\">\n\t\t\t\t\t<h2 class=\"elementor-heading-title elementor-size-default\">CDs<\/h2>\t\t\t\t<\/div>\n\t\t\t\t<\/div>\n\t\t\t\t\t<\/div>\n\t\t<\/div>\n\t\t\t\t\t<\/div>\n\t\t<\/section>\n\t\t\t\t<section class=\"elementor-section elementor-top-section elementor-element elementor-element-4ad6b995 elementor-section-boxed elementor-section-height-default elementor-section-height-default elementor-invisible\" data-id=\"4ad6b995\" data-element_type=\"section\" data-e-type=\"section\" data-settings=\"{&quot;background_background&quot;:&quot;classic&quot;,&quot;animation&quot;:&quot;fadeInRight&quot;}\">\n\t\t\t\t\t\t<div class=\"elementor-container elementor-column-gap-default\">\n\t\t\t\t\t<div class=\"elementor-column elementor-col-25 elementor-top-column elementor-element elementor-element-4172fdce\" data-id=\"4172fdce\" data-element_type=\"column\" data-e-type=\"column\">\n\t\t\t<div class=\"elementor-widget-wrap elementor-element-populated\">\n\t\t\t\t\t\t<div class=\"elementor-element elementor-element-7176e34c elementor-widget elementor-widget-image\" data-id=\"7176e34c\" data-element_type=\"widget\" data-e-type=\"widget\" data-widget_type=\"image.default\">\n\t\t\t\t<div class=\"elementor-widget-container\">\n\t\t\t\t\t\t\t\t\t\t\t\t<figure class=\"wp-caption\">\n\t\t\t\t\t\t\t\t\t\t\t<a href=\"https:\/\/www.amazon.de\/dp\/3902304235?ref=myi_title_dp\" target=\"_blank\">\n\t\t\t\t\t\t\t<img loading=\"lazy\" decoding=\"async\" width=\"1024\" height=\"1024\" src=\"https:\/\/www.kinderlieder.at\/wp-content\/uploads\/2024\/04\/Bernhard_Fibich_EP_Vorne-3-1024x1024.jpg\" class=\"attachment-large size-large wp-image-1547\" alt=\"\" srcset=\"https:\/\/www.kinderlieder.at\/wp-content\/uploads\/2024\/04\/Bernhard_Fibich_EP_Vorne-3-1024x1024.jpg 1024w, https:\/\/www.kinderlieder.at\/wp-content\/uploads\/2024\/04\/Bernhard_Fibich_EP_Vorne-3-300x300.jpg 300w, https:\/\/www.kinderlieder.at\/wp-content\/uploads\/2024\/04\/Bernhard_Fibich_EP_Vorne-3-150x150.jpg 150w, https:\/\/www.kinderlieder.at\/wp-content\/uploads\/2024\/04\/Bernhard_Fibich_EP_Vorne-3-768x768.jpg 768w, https:\/\/www.kinderlieder.at\/wp-content\/uploads\/2024\/04\/Bernhard_Fibich_EP_Vorne-3.jpg 1439w\" sizes=\"(max-width: 1024px) 100vw, 1024px\" \/>\t\t\t\t\t\t\t\t<\/a>\n\t\t\t\t\t\t\t\t\t\t\t<figcaption class=\"widget-image-caption wp-caption-text\">Drei neue Lieder<\/figcaption>\n\t\t\t\t\t\t\t\t\t\t<\/figure>\n\t\t\t\t\t\t\t\t\t<\/div>\n\t\t\t\t<\/div>\n\t\t\t\t<div class=\"elementor-element elementor-element-7f2cc685 elementor-widget elementor-widget-image\" data-id=\"7f2cc685\" data-element_type=\"widget\" data-e-type=\"widget\" data-widget_type=\"image.default\">\n\t\t\t\t<div class=\"elementor-widget-container\">\n\t\t\t\t\t\t\t\t\t\t\t\t<figure class=\"wp-caption\">\n\t\t\t\t\t\t\t\t\t\t\t<a href=\"https:\/\/www.amazon.de\/dp\/3902304049?ref=myi_title_dp\" target=\"_blank\">\n\t\t\t\t\t\t\t<img loading=\"lazy\" decoding=\"async\" width=\"1024\" height=\"1024\" src=\"https:\/\/www.kinderlieder.at\/wp-content\/uploads\/2024\/04\/gl-hoch-3-1024x1024.jpg\" class=\"attachment-large size-large wp-image-1586\" alt=\"\" srcset=\"https:\/\/www.kinderlieder.at\/wp-content\/uploads\/2024\/04\/gl-hoch-3-1024x1024.jpg 1024w, https:\/\/www.kinderlieder.at\/wp-content\/uploads\/2024\/04\/gl-hoch-3-300x300.jpg 300w, https:\/\/www.kinderlieder.at\/wp-content\/uploads\/2024\/04\/gl-hoch-3-150x150.jpg 150w, https:\/\/www.kinderlieder.at\/wp-content\/uploads\/2024\/04\/gl-hoch-3-768x768.jpg 768w, https:\/\/www.kinderlieder.at\/wp-content\/uploads\/2024\/04\/gl-hoch-3.jpg 1446w\" sizes=\"(max-width: 1024px) 100vw, 1024px\" \/>\t\t\t\t\t\t\t\t<\/a>\n\t\t\t\t\t\t\t\t\t\t\t<figcaption class=\"widget-image-caption wp-caption-text\">Gro\u00dfe Leute, kleine Leute<\/figcaption>\n\t\t\t\t\t\t\t\t\t\t<\/figure>\n\t\t\t\t\t\t\t\t\t<\/div>\n\t\t\t\t<\/div>\n\t\t\t\t<div class=\"elementor-element elementor-element-32dbdfb8 elementor-widget elementor-widget-image\" data-id=\"32dbdfb8\" data-element_type=\"widget\" data-e-type=\"widget\" data-widget_type=\"image.default\">\n\t\t\t\t<div class=\"elementor-widget-container\">\n\t\t\t\t\t\t\t\t\t\t\t\t<figure class=\"wp-caption\">\n\t\t\t\t\t\t\t\t\t\t\t<a href=\"https:\/\/www.amazon.de\/dp\/3902304081?ref=myi_title_dp\" target=\"_blank\">\n\t\t\t\t\t\t\t<img loading=\"lazy\" decoding=\"async\" width=\"1024\" height=\"1024\" src=\"https:\/\/www.kinderlieder.at\/wp-content\/uploads\/2024\/04\/vo-hoch-1-1024x1024.jpg\" class=\"attachment-large size-large wp-image-1556\" alt=\"\" srcset=\"https:\/\/www.kinderlieder.at\/wp-content\/uploads\/2024\/04\/vo-hoch-1-1024x1024.jpg 1024w, https:\/\/www.kinderlieder.at\/wp-content\/uploads\/2024\/04\/vo-hoch-1-300x300.jpg 300w, https:\/\/www.kinderlieder.at\/wp-content\/uploads\/2024\/04\/vo-hoch-1-150x150.jpg 150w, https:\/\/www.kinderlieder.at\/wp-content\/uploads\/2024\/04\/vo-hoch-1-768x768.jpg 768w, https:\/\/www.kinderlieder.at\/wp-content\/uploads\/2024\/04\/vo-hoch-1.jpg 1476w\" sizes=\"(max-width: 1024px) 100vw, 1024px\" \/>\t\t\t\t\t\t\t\t<\/a>\n\t\t\t\t\t\t\t\t\t\t\t<figcaption class=\"widget-image-caption wp-caption-text\">Vorsicht, Musik!<\/figcaption>\n\t\t\t\t\t\t\t\t\t\t<\/figure>\n\t\t\t\t\t\t\t\t\t<\/div>\n\t\t\t\t<\/div>\n\t\t\t\t<div class=\"elementor-element elementor-element-1c0599e6 elementor-widget elementor-widget-image\" data-id=\"1c0599e6\" data-element_type=\"widget\" data-e-type=\"widget\" data-widget_type=\"image.default\">\n\t\t\t\t<div class=\"elementor-widget-container\">\n\t\t\t\t\t\t\t\t\t\t\t\t<figure class=\"wp-caption\">\n\t\t\t\t\t\t\t\t\t\t\t<a href=\"https:\/\/www.amazon.de\/dp\/3902304138?ref=myi_title_dp\" target=\"_blank\">\n\t\t\t\t\t\t\t<img loading=\"lazy\" decoding=\"async\" width=\"1024\" height=\"1024\" src=\"https:\/\/www.kinderlieder.at\/wp-content\/uploads\/2024\/04\/kuddel-hoch-2-1024x1024.jpg\" class=\"attachment-large size-large wp-image-1560\" alt=\"\" srcset=\"https:\/\/www.kinderlieder.at\/wp-content\/uploads\/2024\/04\/kuddel-hoch-2-1024x1024.jpg 1024w, https:\/\/www.kinderlieder.at\/wp-content\/uploads\/2024\/04\/kuddel-hoch-2-300x300.jpg 300w, https:\/\/www.kinderlieder.at\/wp-content\/uploads\/2024\/04\/kuddel-hoch-2-150x150.jpg 150w, https:\/\/www.kinderlieder.at\/wp-content\/uploads\/2024\/04\/kuddel-hoch-2-768x768.jpg 768w, https:\/\/www.kinderlieder.at\/wp-content\/uploads\/2024\/04\/kuddel-hoch-2-1536x1536.jpg 1536w, https:\/\/www.kinderlieder.at\/wp-content\/uploads\/2024\/04\/kuddel-hoch-2-2048x2048.jpg 2048w\" sizes=\"(max-width: 1024px) 100vw, 1024px\" \/>\t\t\t\t\t\t\t\t<\/a>\n\t\t\t\t\t\t\t\t\t\t\t<figcaption class=\"widget-image-caption wp-caption-text\">Kuddelmuddel und Gesprudel - Live<\/figcaption>\n\t\t\t\t\t\t\t\t\t\t<\/figure>\n\t\t\t\t\t\t\t\t\t<\/div>\n\t\t\t\t<\/div>\n\t\t\t\t\t<\/div>\n\t\t<\/div>\n\t\t\t\t<div class=\"elementor-column elementor-col-25 elementor-top-column elementor-element elementor-element-6cf5084b\" data-id=\"6cf5084b\" data-element_type=\"column\" data-e-type=\"column\">\n\t\t\t<div class=\"elementor-widget-wrap elementor-element-populated\">\n\t\t\t\t\t\t<div class=\"elementor-element elementor-element-68719479 elementor-widget elementor-widget-image\" data-id=\"68719479\" data-element_type=\"widget\" data-e-type=\"widget\" data-widget_type=\"image.default\">\n\t\t\t\t<div class=\"elementor-widget-container\">\n\t\t\t\t\t\t\t\t\t\t\t\t<figure class=\"wp-caption\">\n\t\t\t\t\t\t\t\t\t\t\t<a href=\"https:\/\/www.amazon.de\/dp\/3902304014?ref=myi_title_dp\" target=\"_blank\">\n\t\t\t\t\t\t\t<img loading=\"lazy\" decoding=\"async\" width=\"1024\" height=\"1024\" src=\"https:\/\/www.kinderlieder.at\/wp-content\/uploads\/2024\/04\/muff-hoch-2-1024x1024.jpg\" class=\"attachment-large size-large wp-image-1548\" alt=\"\" srcset=\"https:\/\/www.kinderlieder.at\/wp-content\/uploads\/2024\/04\/muff-hoch-2-1024x1024.jpg 1024w, https:\/\/www.kinderlieder.at\/wp-content\/uploads\/2024\/04\/muff-hoch-2-300x300.jpg 300w, https:\/\/www.kinderlieder.at\/wp-content\/uploads\/2024\/04\/muff-hoch-2-150x150.jpg 150w, https:\/\/www.kinderlieder.at\/wp-content\/uploads\/2024\/04\/muff-hoch-2-768x768.jpg 768w, https:\/\/www.kinderlieder.at\/wp-content\/uploads\/2024\/04\/muff-hoch-2.jpg 1472w\" sizes=\"(max-width: 1024px) 100vw, 1024px\" \/>\t\t\t\t\t\t\t\t<\/a>\n\t\t\t\t\t\t\t\t\t\t\t<figcaption class=\"widget-image-caption wp-caption-text\">Muff, der kleine Teddyb\u00e4r<\/figcaption>\n\t\t\t\t\t\t\t\t\t\t<\/figure>\n\t\t\t\t\t\t\t\t\t<\/div>\n\t\t\t\t<\/div>\n\t\t\t\t<div class=\"elementor-element elementor-element-7514c356 elementor-widget elementor-widget-image\" data-id=\"7514c356\" data-element_type=\"widget\" data-e-type=\"widget\" data-widget_type=\"image.default\">\n\t\t\t\t<div class=\"elementor-widget-container\">\n\t\t\t\t\t\t\t\t\t\t\t\t<figure class=\"wp-caption\">\n\t\t\t\t\t\t\t\t\t\t\t<a href=\"https:\/\/www.amazon.de\/dp\/3902304057?ref=myi_title_dp\" target=\"_blank\">\n\t\t\t\t\t\t\t<img loading=\"lazy\" decoding=\"async\" width=\"1024\" height=\"1024\" src=\"https:\/\/www.kinderlieder.at\/wp-content\/uploads\/2024\/04\/wl-hoch-1-1024x1024.jpg\" class=\"attachment-large size-large wp-image-1553\" alt=\"\" srcset=\"https:\/\/www.kinderlieder.at\/wp-content\/uploads\/2024\/04\/wl-hoch-1-1024x1024.jpg 1024w, https:\/\/www.kinderlieder.at\/wp-content\/uploads\/2024\/04\/wl-hoch-1-300x300.jpg 300w, https:\/\/www.kinderlieder.at\/wp-content\/uploads\/2024\/04\/wl-hoch-1-150x150.jpg 150w, https:\/\/www.kinderlieder.at\/wp-content\/uploads\/2024\/04\/wl-hoch-1-768x768.jpg 768w, https:\/\/www.kinderlieder.at\/wp-content\/uploads\/2024\/04\/wl-hoch-1.jpg 1476w\" sizes=\"(max-width: 1024px) 100vw, 1024px\" \/>\t\t\t\t\t\t\t\t<\/a>\n\t\t\t\t\t\t\t\t\t\t\t<figcaption class=\"widget-image-caption wp-caption-text\">Neue Advent-und Weihnachtslieder<\/figcaption>\n\t\t\t\t\t\t\t\t\t\t<\/figure>\n\t\t\t\t\t\t\t\t\t<\/div>\n\t\t\t\t<\/div>\n\t\t\t\t<div class=\"elementor-element elementor-element-26e0b275 elementor-widget elementor-widget-image\" data-id=\"26e0b275\" data-element_type=\"widget\" data-e-type=\"widget\" data-widget_type=\"image.default\">\n\t\t\t\t<div class=\"elementor-widget-container\">\n\t\t\t\t\t\t\t\t\t\t\t\t<figure class=\"wp-caption\">\n\t\t\t\t\t\t\t\t\t\t\t<a href=\"https:\/\/www.amazon.de\/dp\/390230409X?ref=myi_title_dp\" target=\"_blank\">\n\t\t\t\t\t\t\t<img loading=\"lazy\" decoding=\"async\" width=\"1024\" height=\"1024\" src=\"https:\/\/www.kinderlieder.at\/wp-content\/uploads\/2024\/04\/gsch-hoch-2-1024x1024.jpg\" class=\"attachment-large size-large wp-image-1557\" alt=\"\" srcset=\"https:\/\/www.kinderlieder.at\/wp-content\/uploads\/2024\/04\/gsch-hoch-2-1024x1024.jpg 1024w, https:\/\/www.kinderlieder.at\/wp-content\/uploads\/2024\/04\/gsch-hoch-2-300x300.jpg 300w, https:\/\/www.kinderlieder.at\/wp-content\/uploads\/2024\/04\/gsch-hoch-2-150x150.jpg 150w, https:\/\/www.kinderlieder.at\/wp-content\/uploads\/2024\/04\/gsch-hoch-2-768x768.jpg 768w, https:\/\/www.kinderlieder.at\/wp-content\/uploads\/2024\/04\/gsch-hoch-2.jpg 1462w\" sizes=\"(max-width: 1024px) 100vw, 1024px\" \/>\t\t\t\t\t\t\t\t<\/a>\n\t\t\t\t\t\t\t\t\t\t\t<figcaption class=\"widget-image-caption wp-caption-text\">Gschamster Diener<\/figcaption>\n\t\t\t\t\t\t\t\t\t\t<\/figure>\n\t\t\t\t\t\t\t\t\t<\/div>\n\t\t\t\t<\/div>\n\t\t\t\t<div class=\"elementor-element elementor-element-193a5e79 elementor-widget elementor-widget-image\" data-id=\"193a5e79\" data-element_type=\"widget\" data-e-type=\"widget\" data-widget_type=\"image.default\">\n\t\t\t\t<div class=\"elementor-widget-container\">\n\t\t\t\t\t\t\t\t\t\t\t\t<figure class=\"wp-caption\">\n\t\t\t\t\t\t\t\t\t\t\t<a href=\"https:\/\/www.amazon.de\/dp\/3902304162?ref=myi_title_dp\" target=\"_blank\">\n\t\t\t\t\t\t\t<img loading=\"lazy\" decoding=\"async\" width=\"1024\" height=\"1024\" src=\"https:\/\/www.kinderlieder.at\/wp-content\/uploads\/2024\/04\/sl-hoch-1-1024x1024.jpg\" class=\"attachment-large size-large wp-image-1561\" alt=\"\" srcset=\"https:\/\/www.kinderlieder.at\/wp-content\/uploads\/2024\/04\/sl-hoch-1-1024x1024.jpg 1024w, https:\/\/www.kinderlieder.at\/wp-content\/uploads\/2024\/04\/sl-hoch-1-300x300.jpg 300w, https:\/\/www.kinderlieder.at\/wp-content\/uploads\/2024\/04\/sl-hoch-1-150x150.jpg 150w, https:\/\/www.kinderlieder.at\/wp-content\/uploads\/2024\/04\/sl-hoch-1-768x768.jpg 768w, https:\/\/www.kinderlieder.at\/wp-content\/uploads\/2024\/04\/sl-hoch-1.jpg 1447w\" sizes=\"(max-width: 1024px) 100vw, 1024px\" \/>\t\t\t\t\t\t\t\t<\/a>\n\t\t\t\t\t\t\t\t\t\t\t<figcaption class=\"widget-image-caption wp-caption-text\">Sch\u00f6ne Lieder<\/figcaption>\n\t\t\t\t\t\t\t\t\t\t<\/figure>\n\t\t\t\t\t\t\t\t\t<\/div>\n\t\t\t\t<\/div>\n\t\t\t\t\t<\/div>\n\t\t<\/div>\n\t\t\t\t<div class=\"elementor-column elementor-col-25 elementor-top-column elementor-element elementor-element-792d546e\" data-id=\"792d546e\" data-element_type=\"column\" data-e-type=\"column\">\n\t\t\t<div class=\"elementor-widget-wrap elementor-element-populated\">\n\t\t\t\t\t\t<div class=\"elementor-element elementor-element-1990adea elementor-widget elementor-widget-image\" data-id=\"1990adea\" data-element_type=\"widget\" data-e-type=\"widget\" data-widget_type=\"image.default\">\n\t\t\t\t<div class=\"elementor-widget-container\">\n\t\t\t\t\t\t\t\t\t\t\t\t<figure class=\"wp-caption\">\n\t\t\t\t\t\t\t\t\t\t\t<a href=\"https:\/\/www.amazon.de\/dp\/3902304022?ref=myi_title_dp\" target=\"_blank\">\n\t\t\t\t\t\t\t<img loading=\"lazy\" decoding=\"async\" width=\"1024\" height=\"1024\" src=\"https:\/\/www.kinderlieder.at\/wp-content\/uploads\/2024\/04\/lumpi-hoch-2-1024x1024.jpg\" class=\"attachment-large size-large wp-image-1549\" alt=\"\" srcset=\"https:\/\/www.kinderlieder.at\/wp-content\/uploads\/2024\/04\/lumpi-hoch-2-1024x1024.jpg 1024w, https:\/\/www.kinderlieder.at\/wp-content\/uploads\/2024\/04\/lumpi-hoch-2-300x300.jpg 300w, https:\/\/www.kinderlieder.at\/wp-content\/uploads\/2024\/04\/lumpi-hoch-2-150x150.jpg 150w, https:\/\/www.kinderlieder.at\/wp-content\/uploads\/2024\/04\/lumpi-hoch-2-768x768.jpg 768w, https:\/\/www.kinderlieder.at\/wp-content\/uploads\/2024\/04\/lumpi-hoch-2.jpg 1472w\" sizes=\"(max-width: 1024px) 100vw, 1024px\" \/>\t\t\t\t\t\t\t\t<\/a>\n\t\t\t\t\t\t\t\t\t\t\t<figcaption class=\"widget-image-caption wp-caption-text\">Lumpi, unser Hund<\/figcaption>\n\t\t\t\t\t\t\t\t\t\t<\/figure>\n\t\t\t\t\t\t\t\t\t<\/div>\n\t\t\t\t<\/div>\n\t\t\t\t<div class=\"elementor-element elementor-element-1f8a15c9 elementor-widget elementor-widget-image\" data-id=\"1f8a15c9\" data-element_type=\"widget\" data-e-type=\"widget\" data-widget_type=\"image.default\">\n\t\t\t\t<div class=\"elementor-widget-container\">\n\t\t\t\t\t\t\t\t\t\t\t\t<figure class=\"wp-caption\">\n\t\t\t\t\t\t\t\t\t\t\t<a href=\"https:\/\/www.amazon.de\/dp\/3902304065?ref=myi_title_dp\" target=\"_blank\">\n\t\t\t\t\t\t\t<img loading=\"lazy\" decoding=\"async\" width=\"1024\" height=\"1024\" src=\"https:\/\/www.kinderlieder.at\/wp-content\/uploads\/2024\/04\/so-hoch-1-1024x1024.jpg\" class=\"attachment-large size-large wp-image-1554\" alt=\"\" srcset=\"https:\/\/www.kinderlieder.at\/wp-content\/uploads\/2024\/04\/so-hoch-1-1024x1024.jpg 1024w, https:\/\/www.kinderlieder.at\/wp-content\/uploads\/2024\/04\/so-hoch-1-300x300.jpg 300w, https:\/\/www.kinderlieder.at\/wp-content\/uploads\/2024\/04\/so-hoch-1-150x150.jpg 150w, https:\/\/www.kinderlieder.at\/wp-content\/uploads\/2024\/04\/so-hoch-1-768x768.jpg 768w, https:\/\/www.kinderlieder.at\/wp-content\/uploads\/2024\/04\/so-hoch-1.jpg 1455w\" sizes=\"(max-width: 1024px) 100vw, 1024px\" \/>\t\t\t\t\t\t\t\t<\/a>\n\t\t\t\t\t\t\t\t\t\t\t<figcaption class=\"widget-image-caption wp-caption-text\"> Sonnenschein und Regen<\/figcaption>\n\t\t\t\t\t\t\t\t\t\t<\/figure>\n\t\t\t\t\t\t\t\t\t<\/div>\n\t\t\t\t<\/div>\n\t\t\t\t<div class=\"elementor-element elementor-element-5589a173 elementor-widget elementor-widget-image\" data-id=\"5589a173\" data-element_type=\"widget\" data-e-type=\"widget\" data-widget_type=\"image.default\">\n\t\t\t\t<div class=\"elementor-widget-container\">\n\t\t\t\t\t\t\t\t\t\t\t\t<figure class=\"wp-caption\">\n\t\t\t\t\t\t\t\t\t\t\t<a href=\"https:\/\/www.amazon.de\/dp\/3902304103?ref=myi_title_dp\" target=\"_blank\">\n\t\t\t\t\t\t\t<img loading=\"lazy\" decoding=\"async\" width=\"1024\" height=\"1024\" src=\"https:\/\/www.kinderlieder.at\/wp-content\/uploads\/2024\/04\/endl-hoch-2-1024x1024.jpg\" class=\"attachment-large size-large wp-image-1558\" alt=\"\" srcset=\"https:\/\/www.kinderlieder.at\/wp-content\/uploads\/2024\/04\/endl-hoch-2-1024x1024.jpg 1024w, https:\/\/www.kinderlieder.at\/wp-content\/uploads\/2024\/04\/endl-hoch-2-300x300.jpg 300w, https:\/\/www.kinderlieder.at\/wp-content\/uploads\/2024\/04\/endl-hoch-2-150x150.jpg 150w, https:\/\/www.kinderlieder.at\/wp-content\/uploads\/2024\/04\/endl-hoch-2-768x768.jpg 768w, https:\/\/www.kinderlieder.at\/wp-content\/uploads\/2024\/04\/endl-hoch-2.jpg 1451w\" sizes=\"(max-width: 1024px) 100vw, 1024px\" \/>\t\t\t\t\t\t\t\t<\/a>\n\t\t\t\t\t\t\t\t\t\t\t<figcaption class=\"widget-image-caption wp-caption-text\">Endlich Ferien !<\/figcaption>\n\t\t\t\t\t\t\t\t\t\t<\/figure>\n\t\t\t\t\t\t\t\t\t<\/div>\n\t\t\t\t<\/div>\n\t\t\t\t<div class=\"elementor-element elementor-element-1ccd0b5d elementor-widget elementor-widget-image\" data-id=\"1ccd0b5d\" data-element_type=\"widget\" data-e-type=\"widget\" data-widget_type=\"image.default\">\n\t\t\t\t<div class=\"elementor-widget-container\">\n\t\t\t\t\t\t\t\t\t\t\t\t<figure class=\"wp-caption\">\n\t\t\t\t\t\t\t\t\t\t\t<a href=\"https:\/\/www.amazon.de\/dp\/3902304197?ref=myi_title_dp\" target=\"_blank\">\n\t\t\t\t\t\t\t<img loading=\"lazy\" decoding=\"async\" width=\"1024\" height=\"1024\" src=\"https:\/\/www.kinderlieder.at\/wp-content\/uploads\/2024\/04\/new-hoch-1-1024x1024.jpg\" class=\"attachment-large size-large wp-image-1562\" alt=\"\" srcset=\"https:\/\/www.kinderlieder.at\/wp-content\/uploads\/2024\/04\/new-hoch-1-1024x1024.jpg 1024w, https:\/\/www.kinderlieder.at\/wp-content\/uploads\/2024\/04\/new-hoch-1-300x300.jpg 300w, https:\/\/www.kinderlieder.at\/wp-content\/uploads\/2024\/04\/new-hoch-1-150x150.jpg 150w, https:\/\/www.kinderlieder.at\/wp-content\/uploads\/2024\/04\/new-hoch-1-768x768.jpg 768w, https:\/\/www.kinderlieder.at\/wp-content\/uploads\/2024\/04\/new-hoch-1.jpg 1452w\" sizes=\"(max-width: 1024px) 100vw, 1024px\" \/>\t\t\t\t\t\t\t\t<\/a>\n\t\t\t\t\t\t\t\t\t\t\t<figcaption class=\"widget-image-caption wp-caption-text\">New songs for children (in English)<\/figcaption>\n\t\t\t\t\t\t\t\t\t\t<\/figure>\n\t\t\t\t\t\t\t\t\t<\/div>\n\t\t\t\t<\/div>\n\t\t\t\t\t<\/div>\n\t\t<\/div>\n\t\t\t\t<div class=\"elementor-column elementor-col-25 elementor-top-column elementor-element elementor-element-70397f9a\" data-id=\"70397f9a\" data-element_type=\"column\" data-e-type=\"column\">\n\t\t\t<div class=\"elementor-widget-wrap elementor-element-populated\">\n\t\t\t\t\t\t<div class=\"elementor-element elementor-element-7ac6b2d5 elementor-widget elementor-widget-image\" data-id=\"7ac6b2d5\" data-element_type=\"widget\" data-e-type=\"widget\" data-widget_type=\"image.default\">\n\t\t\t\t<div class=\"elementor-widget-container\">\n\t\t\t\t\t\t\t\t\t\t\t\t<figure class=\"wp-caption\">\n\t\t\t\t\t\t\t\t\t\t\t<a href=\"https:\/\/www.amazon.de\/dp\/3902304030?ref=myi_title_dp\" target=\"_blank\">\n\t\t\t\t\t\t\t<img loading=\"lazy\" decoding=\"async\" width=\"1024\" height=\"1024\" src=\"https:\/\/www.kinderlieder.at\/wp-content\/uploads\/2024\/04\/afl-hoch-4-1024x1024.jpg\" class=\"attachment-large size-large wp-image-1550\" alt=\"\" srcset=\"https:\/\/www.kinderlieder.at\/wp-content\/uploads\/2024\/04\/afl-hoch-4-1024x1024.jpg 1024w, https:\/\/www.kinderlieder.at\/wp-content\/uploads\/2024\/04\/afl-hoch-4-300x300.jpg 300w, https:\/\/www.kinderlieder.at\/wp-content\/uploads\/2024\/04\/afl-hoch-4-150x150.jpg 150w, https:\/\/www.kinderlieder.at\/wp-content\/uploads\/2024\/04\/afl-hoch-4-768x768.jpg 768w, https:\/\/www.kinderlieder.at\/wp-content\/uploads\/2024\/04\/afl-hoch-4.jpg 1450w\" sizes=\"(max-width: 1024px) 100vw, 1024px\" \/>\t\t\t\t\t\t\t\t<\/a>\n\t\t\t\t\t\t\t\t\t\t\t<figcaption class=\"widget-image-caption wp-caption-text\">Achtung, fertig, los<\/figcaption>\n\t\t\t\t\t\t\t\t\t\t<\/figure>\n\t\t\t\t\t\t\t\t\t<\/div>\n\t\t\t\t<\/div>\n\t\t\t\t<div class=\"elementor-element elementor-element-6f99142f elementor-widget elementor-widget-image\" data-id=\"6f99142f\" data-element_type=\"widget\" data-e-type=\"widget\" data-widget_type=\"image.default\">\n\t\t\t\t<div class=\"elementor-widget-container\">\n\t\t\t\t\t\t\t\t\t\t\t\t<figure class=\"wp-caption\">\n\t\t\t\t\t\t\t\t\t\t\t<a href=\"https:\/\/www.amazon.de\/dp\/3902304073?ref=myi_title_dp\" target=\"_blank\">\n\t\t\t\t\t\t\t<img loading=\"lazy\" decoding=\"async\" width=\"1024\" height=\"1024\" src=\"https:\/\/www.kinderlieder.at\/wp-content\/uploads\/2024\/04\/anna-hoch-4-1024x1024.jpg\" class=\"attachment-large size-large wp-image-1555\" alt=\"\" srcset=\"https:\/\/www.kinderlieder.at\/wp-content\/uploads\/2024\/04\/anna-hoch-4-1024x1024.jpg 1024w, https:\/\/www.kinderlieder.at\/wp-content\/uploads\/2024\/04\/anna-hoch-4-300x300.jpg 300w, https:\/\/www.kinderlieder.at\/wp-content\/uploads\/2024\/04\/anna-hoch-4-150x150.jpg 150w, https:\/\/www.kinderlieder.at\/wp-content\/uploads\/2024\/04\/anna-hoch-4-768x768.jpg 768w, https:\/\/www.kinderlieder.at\/wp-content\/uploads\/2024\/04\/anna-hoch-4.jpg 1472w\" sizes=\"(max-width: 1024px) 100vw, 1024px\" \/>\t\t\t\t\t\t\t\t<\/a>\n\t\t\t\t\t\t\t\t\t\t\t<figcaption class=\"widget-image-caption wp-caption-text\">Anna hat Geburtstag<\/figcaption>\n\t\t\t\t\t\t\t\t\t\t<\/figure>\n\t\t\t\t\t\t\t\t\t<\/div>\n\t\t\t\t<\/div>\n\t\t\t\t<div class=\"elementor-element elementor-element-2a8cce75 elementor-widget elementor-widget-image\" data-id=\"2a8cce75\" data-element_type=\"widget\" data-e-type=\"widget\" data-widget_type=\"image.default\">\n\t\t\t\t<div class=\"elementor-widget-container\">\n\t\t\t\t\t\t\t\t\t\t\t\t<figure class=\"wp-caption\">\n\t\t\t\t\t\t\t\t\t\t\t<a href=\"https:\/\/www.amazon.de\/dp\/3902304111?ref=myi_title_dp\" target=\"_blank\">\n\t\t\t\t\t\t\t<img loading=\"lazy\" decoding=\"async\" width=\"1024\" height=\"1024\" src=\"https:\/\/www.kinderlieder.at\/wp-content\/uploads\/2024\/04\/niki-hoch-1-1024x1024.jpg\" class=\"attachment-large size-large wp-image-1559\" alt=\"\" srcset=\"https:\/\/www.kinderlieder.at\/wp-content\/uploads\/2024\/04\/niki-hoch-1-1024x1024.jpg 1024w, https:\/\/www.kinderlieder.at\/wp-content\/uploads\/2024\/04\/niki-hoch-1-300x300.jpg 300w, https:\/\/www.kinderlieder.at\/wp-content\/uploads\/2024\/04\/niki-hoch-1-150x150.jpg 150w, https:\/\/www.kinderlieder.at\/wp-content\/uploads\/2024\/04\/niki-hoch-1-768x768.jpg 768w, https:\/\/www.kinderlieder.at\/wp-content\/uploads\/2024\/04\/niki-hoch-1.jpg 1467w\" sizes=\"(max-width: 1024px) 100vw, 1024px\" \/>\t\t\t\t\t\t\t\t<\/a>\n\t\t\t\t\t\t\t\t\t\t\t<figcaption class=\"widget-image-caption wp-caption-text\">Niki und der Schneemann<\/figcaption>\n\t\t\t\t\t\t\t\t\t\t<\/figure>\n\t\t\t\t\t\t\t\t\t<\/div>\n\t\t\t\t<\/div>\n\t\t\t\t\t<\/div>\n\t\t<\/div>\n\t\t\t\t\t<\/div>\n\t\t<\/section>\n\t\t\t\t<section class=\"elementor-section elementor-top-section elementor-element elementor-element-92810c7 elementor-section-boxed elementor-section-height-default elementor-section-height-default elementor-invisible\" data-id=\"92810c7\" data-element_type=\"section\" data-e-type=\"section\" data-settings=\"{&quot;background_background&quot;:&quot;classic&quot;,&quot;animation&quot;:&quot;fadeInLeft&quot;}\">\n\t\t\t\t\t\t<div class=\"elementor-container elementor-column-gap-default\">\n\t\t\t\t\t<div class=\"elementor-column elementor-col-100 elementor-top-column elementor-element elementor-element-59d1d07\" data-id=\"59d1d07\" data-element_type=\"column\" data-e-type=\"column\">\n\t\t\t<div class=\"elementor-widget-wrap elementor-element-populated\">\n\t\t\t\t\t\t<div class=\"elementor-element elementor-element-b2c5dbb elementor-widget elementor-widget-heading\" data-id=\"b2c5dbb\" data-element_type=\"widget\" data-e-type=\"widget\" data-widget_type=\"heading.default\">\n\t\t\t\t<div class=\"elementor-widget-container\">\n\t\t\t\t\t<h2 class=\"elementor-heading-title elementor-size-default\">DVDs<\/h2>\t\t\t\t<\/div>\n\t\t\t\t<\/div>\n\t\t\t\t\t<\/div>\n\t\t<\/div>\n\t\t\t\t\t<\/div>\n\t\t<\/section>\n\t\t\t\t<section class=\"elementor-section elementor-top-section elementor-element elementor-element-adcb241 elementor-section-boxed elementor-section-height-default elementor-section-height-default elementor-invisible\" data-id=\"adcb241\" data-element_type=\"section\" data-e-type=\"section\" data-settings=\"{&quot;background_background&quot;:&quot;classic&quot;,&quot;animation&quot;:&quot;fadeInLeft&quot;}\">\n\t\t\t\t\t\t<div class=\"elementor-container elementor-column-gap-default\">\n\t\t\t\t\t<div class=\"elementor-column elementor-col-25 elementor-top-column elementor-element elementor-element-52d5a31a\" data-id=\"52d5a31a\" data-element_type=\"column\" data-e-type=\"column\">\n\t\t\t<div class=\"elementor-widget-wrap elementor-element-populated\">\n\t\t\t\t\t\t<div class=\"elementor-element elementor-element-40e5dd28 elementor-widget elementor-widget-image\" data-id=\"40e5dd28\" data-element_type=\"widget\" data-e-type=\"widget\" data-widget_type=\"image.default\">\n\t\t\t\t<div class=\"elementor-widget-container\">\n\t\t\t\t\t\t\t\t\t\t\t\t<figure class=\"wp-caption\">\n\t\t\t\t\t\t\t\t\t\t\t<a href=\"https:\/\/www.amazon.de\/dp\/3902304227?ref=myi_title_dp\" target=\"_blank\">\n\t\t\t\t\t\t\t<img loading=\"lazy\" decoding=\"async\" width=\"1024\" height=\"1024\" src=\"https:\/\/www.kinderlieder.at\/wp-content\/uploads\/2024\/04\/esschneit_covervorne-2-1024x1024.jpg\" class=\"attachment-large size-large wp-image-1563\" alt=\"\" srcset=\"https:\/\/www.kinderlieder.at\/wp-content\/uploads\/2024\/04\/esschneit_covervorne-2-1024x1024.jpg 1024w, https:\/\/www.kinderlieder.at\/wp-content\/uploads\/2024\/04\/esschneit_covervorne-2-300x300.jpg 300w, https:\/\/www.kinderlieder.at\/wp-content\/uploads\/2024\/04\/esschneit_covervorne-2-150x150.jpg 150w, https:\/\/www.kinderlieder.at\/wp-content\/uploads\/2024\/04\/esschneit_covervorne-2-768x768.jpg 768w, https:\/\/www.kinderlieder.at\/wp-content\/uploads\/2024\/04\/esschneit_covervorne-2-1536x1536.jpg 1536w, https:\/\/www.kinderlieder.at\/wp-content\/uploads\/2024\/04\/esschneit_covervorne-2-2048x2048.jpg 2048w\" sizes=\"(max-width: 1024px) 100vw, 1024px\" \/>\t\t\t\t\t\t\t\t<\/a>\n\t\t\t\t\t\t\t\t\t\t\t<figcaption class=\"widget-image-caption wp-caption-text\">Es schneit, es schneit!<\/figcaption>\n\t\t\t\t\t\t\t\t\t\t<\/figure>\n\t\t\t\t\t\t\t\t\t<\/div>\n\t\t\t\t<\/div>\n\t\t\t\t\t<\/div>\n\t\t<\/div>\n\t\t\t\t<div class=\"elementor-column elementor-col-25 elementor-top-column elementor-element elementor-element-39222fad\" data-id=\"39222fad\" data-element_type=\"column\" data-e-type=\"column\">\n\t\t\t<div class=\"elementor-widget-wrap elementor-element-populated\">\n\t\t\t\t\t\t<div class=\"elementor-element elementor-element-4fcd053f elementor-widget elementor-widget-image\" data-id=\"4fcd053f\" data-element_type=\"widget\" data-e-type=\"widget\" data-widget_type=\"image.default\">\n\t\t\t\t<div class=\"elementor-widget-container\">\n\t\t\t\t\t\t\t\t\t\t\t\t<figure class=\"wp-caption\">\n\t\t\t\t\t\t\t\t\t\t\t<a href=\"https:\/\/www.amazon.de\/dp\/3902304219?ref=myi_title_dp\" target=\"_blank\">\n\t\t\t\t\t\t\t<img loading=\"lazy\" decoding=\"async\" width=\"976\" height=\"976\" src=\"https:\/\/www.kinderlieder.at\/wp-content\/uploads\/2024\/04\/coversoein-2.jpg\" class=\"attachment-large size-large wp-image-1564\" alt=\"\" srcset=\"https:\/\/www.kinderlieder.at\/wp-content\/uploads\/2024\/04\/coversoein-2.jpg 976w, https:\/\/www.kinderlieder.at\/wp-content\/uploads\/2024\/04\/coversoein-2-300x300.jpg 300w, https:\/\/www.kinderlieder.at\/wp-content\/uploads\/2024\/04\/coversoein-2-150x150.jpg 150w, https:\/\/www.kinderlieder.at\/wp-content\/uploads\/2024\/04\/coversoein-2-768x768.jpg 768w\" sizes=\"(max-width: 976px) 100vw, 976px\" \/>\t\t\t\t\t\t\t\t<\/a>\n\t\t\t\t\t\t\t\t\t\t\t<figcaption class=\"widget-image-caption wp-caption-text\">So ein gro\u00dfer Lufballon<\/figcaption>\n\t\t\t\t\t\t\t\t\t\t<\/figure>\n\t\t\t\t\t\t\t\t\t<\/div>\n\t\t\t\t<\/div>\n\t\t\t\t\t<\/div>\n\t\t<\/div>\n\t\t\t\t<div class=\"elementor-column elementor-col-25 elementor-top-column elementor-element elementor-element-34ba82dd\" data-id=\"34ba82dd\" data-element_type=\"column\" data-e-type=\"column\">\n\t\t\t<div class=\"elementor-widget-wrap\">\n\t\t\t\t\t\t\t<\/div>\n\t\t<\/div>\n\t\t\t\t<div class=\"elementor-column elementor-col-25 elementor-top-column elementor-element elementor-element-2691bab1\" data-id=\"2691bab1\" data-element_type=\"column\" data-e-type=\"column\">\n\t\t\t<div class=\"elementor-widget-wrap\">\n\t\t\t\t\t\t\t<\/div>\n\t\t<\/div>\n\t\t\t\t\t<\/div>\n\t\t<\/section>\n\t\t\t\t<section class=\"elementor-section elementor-top-section elementor-element elementor-element-6b9dc13 elementor-section-boxed elementor-section-height-default elementor-section-height-default elementor-invisible\" data-id=\"6b9dc13\" data-element_type=\"section\" data-e-type=\"section\" data-settings=\"{&quot;background_background&quot;:&quot;classic&quot;,&quot;animation&quot;:&quot;fadeInRight&quot;}\">\n\t\t\t\t\t\t<div class=\"elementor-container elementor-column-gap-default\">\n\t\t\t\t\t<div class=\"elementor-column elementor-col-50 elementor-top-column elementor-element elementor-element-5a431a4\" data-id=\"5a431a4\" data-element_type=\"column\" data-e-type=\"column\">\n\t\t\t<div class=\"elementor-widget-wrap elementor-element-populated\">\n\t\t\t\t\t\t<div class=\"elementor-element elementor-element-116f954 elementor-widget elementor-widget-image\" data-id=\"116f954\" data-element_type=\"widget\" data-e-type=\"widget\" data-widget_type=\"image.default\">\n\t\t\t\t<div class=\"elementor-widget-container\">\n\t\t\t\t\t\t\t\t\t\t\t\t\t\t\t<img loading=\"lazy\" decoding=\"async\" width=\"763\" height=\"1024\" src=\"https:\/\/www.kinderlieder.at\/wp-content\/uploads\/2024\/04\/Pressefoto-Bernhard-Fibich-2024-Abdruck-honorarfrei-Hochformat-01-763x1024.jpg\" class=\"attachment-large size-large wp-image-1542\" alt=\"\" srcset=\"https:\/\/www.kinderlieder.at\/wp-content\/uploads\/2024\/04\/Pressefoto-Bernhard-Fibich-2024-Abdruck-honorarfrei-Hochformat-01-763x1024.jpg 763w, https:\/\/www.kinderlieder.at\/wp-content\/uploads\/2024\/04\/Pressefoto-Bernhard-Fibich-2024-Abdruck-honorarfrei-Hochformat-01-223x300.jpg 223w, https:\/\/www.kinderlieder.at\/wp-content\/uploads\/2024\/04\/Pressefoto-Bernhard-Fibich-2024-Abdruck-honorarfrei-Hochformat-01-768x1031.jpg 768w, https:\/\/www.kinderlieder.at\/wp-content\/uploads\/2024\/04\/Pressefoto-Bernhard-Fibich-2024-Abdruck-honorarfrei-Hochformat-01-1144x1536.jpg 1144w, https:\/\/www.kinderlieder.at\/wp-content\/uploads\/2024\/04\/Pressefoto-Bernhard-Fibich-2024-Abdruck-honorarfrei-Hochformat-01-1526x2048.jpg 1526w, https:\/\/www.kinderlieder.at\/wp-content\/uploads\/2024\/04\/Pressefoto-Bernhard-Fibich-2024-Abdruck-honorarfrei-Hochformat-01.jpg 1744w\" sizes=\"(max-width: 763px) 100vw, 763px\" \/>\t\t\t\t\t\t\t\t\t\t\t\t\t\t\t<\/div>\n\t\t\t\t<\/div>\n\t\t\t\t\t<\/div>\n\t\t<\/div>\n\t\t\t\t<div class=\"elementor-column elementor-col-50 elementor-top-column elementor-element elementor-element-d31fe35\" data-id=\"d31fe35\" data-element_type=\"column\" data-e-type=\"column\">\n\t\t\t<div class=\"elementor-widget-wrap elementor-element-populated\">\n\t\t\t\t\t\t<div class=\"elementor-element elementor-element-21f25d9 elementor-widget elementor-widget-text-editor\" data-id=\"21f25d9\" data-element_type=\"widget\" data-e-type=\"widget\" data-widget_type=\"text-editor.default\">\n\t\t\t\t<div class=\"elementor-widget-container\">\n\t\t\t\t\t\t\t\t\t<div class=\"elementor-element elementor-element-443ed97 elementor-widget elementor-widget-heading\" data-id=\"443ed97\" data-element_type=\"widget\" data-widget_type=\"heading.default\"><div class=\"elementor-widget-container\"><h1 class=\"elementor-heading-title elementor-size-default\">Alternative Bestell-M\u00f6glichkeit per E-Mail!<\/h1><\/div><\/div><div class=\"elementor-element elementor-element-88b4a31 elementor-widget elementor-widget-text-editor\" data-id=\"88b4a31\" data-element_type=\"widget\" data-widget_type=\"text-editor.default\"><div class=\"elementor-widget-container\"><p><strong>Wenn Sie statt dessen die Tontr\u00e4ger direkt bei mir auf Rechnung bestellen m\u00f6chten:<\/strong><\/p><p><strong>Senden Sie mir Ihre Bestellung per E-Mail an<br \/><\/strong><\/p><p><strong><a href=\"mailto:bernhard@kinderlieder.at?subject=Kinderlieder%20Bestellung\">bernhard@kinderlieder.at<\/a><\/strong><\/p><p><strong>Geben Sie bitte im E-Mail an:<\/strong><\/p><p>\u2013 Titel der CD<br \/>\u2013 St\u00fcckzahl<br \/>\u2013 Lieferadresse<\/p><p>Sie erhalten die Tontr\u00e4ger innerhalb<br \/>von 2-3 Werktagen per Post mit<br \/>Rechnung und Erlagschein.<\/p><p>Versandkosten:<br \/>EURO 3.- pro Paket in \u00d6sterreich und Europa.<\/p><p><strong>Keine Versandkosten bei E-Mail-Bestellung<br \/>ab EURO 20.- Bestellsumme.<\/strong><\/p><\/div><\/div>\t\t\t\t\t\t\t\t<\/div>\n\t\t\t\t<\/div>\n\t\t\t\t\t<\/div>\n\t\t<\/div>\n\t\t\t\t\t<\/div>\n\t\t<\/section>\n\t\t\t\t<section class=\"elementor-section elementor-top-section elementor-element elementor-element-35ee1c0d elementor-section-boxed elementor-section-height-default elementor-section-height-default elementor-invisible\" data-id=\"35ee1c0d\" data-element_type=\"section\" data-e-type=\"section\" id=\"events\" data-settings=\"{&quot;background_background&quot;:&quot;classic&quot;,&quot;animation&quot;:&quot;fadeInLeft&quot;}\">\n\t\t\t\t\t\t<div class=\"elementor-container elementor-column-gap-default\">\n\t\t\t\t\t<div class=\"elementor-column elementor-col-50 elementor-top-column elementor-element elementor-element-261fd25a\" data-id=\"261fd25a\" data-element_type=\"column\" data-e-type=\"column\">\n\t\t\t<div class=\"elementor-widget-wrap elementor-element-populated\">\n\t\t\t\t\t\t<div class=\"elementor-element elementor-element-536ddca2 elementor-widget elementor-widget-heading\" data-id=\"536ddca2\" data-element_type=\"widget\" data-e-type=\"widget\" data-widget_type=\"heading.default\">\n\t\t\t\t<div class=\"elementor-widget-container\">\n\t\t\t\t\t<h1 class=\"elementor-heading-title elementor-size-default\">Upcoming Show! <br>\nBernhard Fibich - LIVE!<\/h1>\t\t\t\t<\/div>\n\t\t\t\t<\/div>\n\t\t\t\t<div class=\"elementor-element elementor-element-3bfa181d elementor-icon-list--layout-traditional elementor-list-item-link-full_width elementor-widget elementor-widget-icon-list\" data-id=\"3bfa181d\" data-element_type=\"widget\" data-e-type=\"widget\" data-widget_type=\"icon-list.default\">\n\t\t\t\t<div class=\"elementor-widget-container\">\n\t\t\t\t\t\t\t<ul class=\"elementor-icon-list-items\">\n\t\t\t\t\t\t\t<li class=\"elementor-icon-list-item\">\n\t\t\t\t\t\t\t\t\t\t\t<span class=\"elementor-icon-list-icon\">\n\t\t\t\t\t\t\t<i aria-hidden=\"true\" class=\"far fa-calendar-alt\"><\/i>\t\t\t\t\t\t<\/span>\n\t\t\t\t\t\t\t\t\t\t<span class=\"elementor-icon-list-text\">01.05.2026<\/span>\n\t\t\t\t\t\t\t\t\t<\/li>\n\t\t\t\t\t\t\t\t<li class=\"elementor-icon-list-item\">\n\t\t\t\t\t\t\t\t\t\t\t<span class=\"elementor-icon-list-icon\">\n\t\t\t\t\t\t\t<i aria-hidden=\"true\" class=\"fas fa-map-marked\"><\/i>\t\t\t\t\t\t<\/span>\n\t\t\t\t\t\t\t\t\t\t<span class=\"elementor-icon-list-text\">WIEN 1080, Kabarett Niedermair, Lenaugasse 1a<\/span>\n\t\t\t\t\t\t\t\t\t<\/li>\n\t\t\t\t\t\t\t\t<li class=\"elementor-icon-list-item\">\n\t\t\t\t\t\t\t\t\t\t\t<span class=\"elementor-icon-list-icon\">\n\t\t\t\t\t\t\t<i aria-hidden=\"true\" class=\"far fa-clock\"><\/i>\t\t\t\t\t\t<\/span>\n\t\t\t\t\t\t\t\t\t\t<span class=\"elementor-icon-list-text\">16:00<\/span>\n\t\t\t\t\t\t\t\t\t<\/li>\n\t\t\t\t\t\t\t\t<li class=\"elementor-icon-list-item\">\n\t\t\t\t\t\t\t\t\t\t\t<span class=\"elementor-icon-list-icon\">\n\t\t\t\t\t\t\t<i aria-hidden=\"true\" class=\"fas fa-info\"><\/i>\t\t\t\t\t\t<\/span>\n\t\t\t\t\t\t\t\t\t\t<span class=\"elementor-icon-list-text\"><p>Best of Bernhard Fibich - Part 04  (Kuddelmuddel und Gesprudel)<\/p>\n<\/span>\n\t\t\t\t\t\t\t\t\t<\/li>\n\t\t\t\t\t\t\t\t<li class=\"elementor-icon-list-item\">\n\t\t\t\t\t\t\t\t\t\t\t<a href=\"https:\/\/www.niedermair.at\/buchen\/50\/01.05.2026\/1600\">\n\n\t\t\t\t\t\t\t\t\t\t\t\t<span class=\"elementor-icon-list-icon\">\n\t\t\t\t\t\t\t<i aria-hidden=\"true\" class=\"fas fa-globe-europe\"><\/i>\t\t\t\t\t\t<\/span>\n\t\t\t\t\t\t\t\t\t\t<span class=\"elementor-icon-list-text\">https:\/\/www.niedermair.at\/buchen\/50\/01.05.2026\/1600<\/span>\n\t\t\t\t\t\t\t\t\t\t\t<\/a>\n\t\t\t\t\t\t\t\t\t<\/li>\n\t\t\t\t\t\t\t\t<li class=\"elementor-icon-list-item\">\n\t\t\t\t\t\t\t\t\t\t\t<a href=\"mailto:kabarett@niedermair.at\">\n\n\t\t\t\t\t\t\t\t\t\t\t\t<span class=\"elementor-icon-list-icon\">\n\t\t\t\t\t\t\t<i aria-hidden=\"true\" class=\"far fa-envelope\"><\/i>\t\t\t\t\t\t<\/span>\n\t\t\t\t\t\t\t\t\t\t<span class=\"elementor-icon-list-text\">kabarett@niedermair.at<\/span>\n\t\t\t\t\t\t\t\t\t\t\t<\/a>\n\t\t\t\t\t\t\t\t\t<\/li>\n\t\t\t\t\t\t\t\t<li class=\"elementor-icon-list-item\">\n\t\t\t\t\t\t\t\t\t\t\t<span class=\"elementor-icon-list-icon\">\n\t\t\t\t\t\t\t<i aria-hidden=\"true\" class=\"fas fa-phone\"><\/i>\t\t\t\t\t\t<\/span>\n\t\t\t\t\t\t\t\t\t\t<span class=\"elementor-icon-list-text\">014084492<\/span>\n\t\t\t\t\t\t\t\t\t<\/li>\n\t\t\t\t\t\t<\/ul>\n\t\t\t\t\t\t<\/div>\n\t\t\t\t<\/div>\n\t\t\t\t<div class=\"elementor-element elementor-element-577a67dc elementor-widget elementor-widget-html\" data-id=\"577a67dc\" data-element_type=\"widget\" data-e-type=\"widget\" data-widget_type=\"html.default\">\n\t\t\t\t<div class=\"elementor-widget-container\">\n\t\t\t\t\t<script>\r\n\r\n\/\/ Function to add tel link to the phone number\r\nfunction addTelLink() {\r\n    \/\/ Select the last list item with class 'elementor-icon-list-item'\r\n    const listItems = document.querySelectorAll('#events .elementor-icon-list-item');\r\n    const lastListItem = listItems[listItems.length - 1];\r\nconsole.log(listItems)\r\n\r\n    \/\/ Find the element with the class 'elementor-icon-list-text' within the last list item\r\n    const phoneNumberElement = lastListItem.querySelector('#events .elementor-icon-list-text');\r\nconsole.log(phoneNumberElement)\r\n    if (phoneNumberElement) {\r\n        \/\/ Get the phone number text\r\n        const phoneNumber = phoneNumberElement.innerText.trim();\r\n\r\n        \/\/ Create a new a tag with href:tel to the phone number\r\n        const telLink = document.createElement('a');\r\n        telLink.href = `tel:${phoneNumber}`;\r\n        telLink.innerText = phoneNumber;\r\n\r\n        \/\/ Replace the text node with the new a tag\r\n        phoneNumberElement.innerHTML = '';\r\n        phoneNumberElement.appendChild(telLink);\r\n    } else {\r\n        console.log('Phone number element not found.');\r\n    }\r\n}\r\n\r\n\/\/ Call the function to add the tel link\r\n    \r\nsetTimeout(()=>{\r\n    addTelLink();\r\n}, 3000)\r\n\r\n\r\n<\/script>\r\n\t\t\t\t<\/div>\n\t\t\t\t<\/div>\n\t\t\t\t<div class=\"elementor-element elementor-element-2542a53c elementor-widget elementor-widget-text-editor\" data-id=\"2542a53c\" data-element_type=\"widget\" data-e-type=\"widget\" data-widget_type=\"text-editor.default\">\n\t\t\t\t<div class=\"elementor-widget-container\">\n\t\t\t\t\t\t\t\t\t<p><em><strong>Alle \u00f6ffentlichen Tour-Termine finden Sie HIER :<\/strong><\/em><\/p>\t\t\t\t\t\t\t\t<\/div>\n\t\t\t\t<\/div>\n\t\t\t\t<div class=\"elementor-element elementor-element-3facd722 elementor-align-center elementor-widget elementor-widget-button\" data-id=\"3facd722\" data-element_type=\"widget\" data-e-type=\"widget\" data-widget_type=\"button.default\">\n\t\t\t\t<div class=\"elementor-widget-container\">\n\t\t\t\t\t\t\t\t\t<div class=\"elementor-button-wrapper\">\n\t\t\t\t\t<a class=\"elementor-button elementor-button-link elementor-size-sm\" href=\"http:\/\/fibich.cac.at\/termine.htm\" target=\"_blank\" id=\"tourb\">\n\t\t\t\t\t\t<span class=\"elementor-button-content-wrapper\">\n\t\t\t\t\t\t\t\t\t<span class=\"elementor-button-text\">TERMINE BERNHARD FIBICH - LIVE<\/span>\n\t\t\t\t\t<\/span>\n\t\t\t\t\t<\/a>\n\t\t\t\t<\/div>\n\t\t\t\t\t\t\t\t<\/div>\n\t\t\t\t<\/div>\n\t\t\t\t\t<\/div>\n\t\t<\/div>\n\t\t\t\t<div class=\"elementor-column elementor-col-50 elementor-top-column elementor-element elementor-element-59a1694c\" data-id=\"59a1694c\" data-element_type=\"column\" data-e-type=\"column\">\n\t\t\t<div class=\"elementor-widget-wrap elementor-element-populated\">\n\t\t\t\t\t\t<div class=\"elementor-element elementor-element-59a617a7 elementor-widget elementor-widget-image\" data-id=\"59a617a7\" data-element_type=\"widget\" data-e-type=\"widget\" data-widget_type=\"image.default\">\n\t\t\t\t<div class=\"elementor-widget-container\">\n\t\t\t\t\t\t\t\t\t\t\t\t\t\t\t<img loading=\"lazy\" decoding=\"async\" width=\"1024\" height=\"683\" src=\"https:\/\/www.kinderlieder.at\/wp-content\/uploads\/2024\/07\/Bernhard-Fibich-on-stage-solo-c-Nelavie-1024x683.jpg\" class=\"attachment-large size-large wp-image-1699\" alt=\"\" srcset=\"https:\/\/www.kinderlieder.at\/wp-content\/uploads\/2024\/07\/Bernhard-Fibich-on-stage-solo-c-Nelavie-1024x683.jpg 1024w, https:\/\/www.kinderlieder.at\/wp-content\/uploads\/2024\/07\/Bernhard-Fibich-on-stage-solo-c-Nelavie-300x200.jpg 300w, https:\/\/www.kinderlieder.at\/wp-content\/uploads\/2024\/07\/Bernhard-Fibich-on-stage-solo-c-Nelavie-768x512.jpg 768w, https:\/\/www.kinderlieder.at\/wp-content\/uploads\/2024\/07\/Bernhard-Fibich-on-stage-solo-c-Nelavie-1536x1024.jpg 1536w, https:\/\/www.kinderlieder.at\/wp-content\/uploads\/2024\/07\/Bernhard-Fibich-on-stage-solo-c-Nelavie-2048x1365.jpg 2048w\" sizes=\"(max-width: 1024px) 100vw, 1024px\" \/>\t\t\t\t\t\t\t\t\t\t\t\t\t\t\t<\/div>\n\t\t\t\t<\/div>\n\t\t\t\t\t<\/div>\n\t\t<\/div>\n\t\t\t\t\t<\/div>\n\t\t<\/section>\n\t\t\t\t<section class=\"elementor-section elementor-top-section elementor-element elementor-element-7123e2d5 elementor-section-boxed elementor-section-height-default elementor-section-height-default elementor-invisible\" data-id=\"7123e2d5\" data-element_type=\"section\" data-e-type=\"section\" id=\"kontakt\" data-settings=\"{&quot;background_background&quot;:&quot;classic&quot;,&quot;animation&quot;:&quot;fadeInRight&quot;}\">\n\t\t\t\t\t\t\t<div class=\"elementor-background-overlay\"><\/div>\n\t\t\t\t\t\t\t<div class=\"elementor-container elementor-column-gap-no\">\n\t\t\t\t\t<div class=\"elementor-column elementor-col-50 elementor-top-column elementor-element elementor-element-b1d9af8\" data-id=\"b1d9af8\" data-element_type=\"column\" data-e-type=\"column\">\n\t\t\t<div class=\"elementor-widget-wrap elementor-element-populated\">\n\t\t\t\t\t\t<div class=\"elementor-element elementor-element-e4cbf8a elementor-widget elementor-widget-heading\" data-id=\"e4cbf8a\" data-element_type=\"widget\" data-e-type=\"widget\" data-widget_type=\"heading.default\">\n\t\t\t\t<div class=\"elementor-widget-container\">\n\t\t\t\t\t<h1 class=\"elementor-heading-title elementor-size-default\">Senden Sie mir Ihre Anfrage\nper E-Mail!\nIch antworte umgehend!  \n<\/h1>\t\t\t\t<\/div>\n\t\t\t\t<\/div>\n\t\t\t\t<div class=\"elementor-element elementor-element-5c02c6b2 elementor-view-stacked elementor-position-inline-start elementor-shape-circle elementor-mobile-position-block-start elementor-widget elementor-widget-icon-box\" data-id=\"5c02c6b2\" data-element_type=\"widget\" data-e-type=\"widget\" data-widget_type=\"icon-box.default\">\n\t\t\t\t<div class=\"elementor-widget-container\">\n\t\t\t\t\t\t\t<div class=\"elementor-icon-box-wrapper\">\n\n\t\t\t\t\t\t<div class=\"elementor-icon-box-icon\">\n\t\t\t\t<a href=\"mailto:bernhard@kinderlieder.at\" class=\"elementor-icon\" tabindex=\"-1\" aria-label=\"Email\">\n\t\t\t\t<i aria-hidden=\"true\" class=\"fas fa-envelope\"><\/i>\t\t\t\t<\/a>\n\t\t\t<\/div>\n\t\t\t\n\t\t\t\t\t\t<div class=\"elementor-icon-box-content\">\n\n\t\t\t\t\t\t\t\t\t<div class=\"elementor-icon-box-title\">\n\t\t\t\t\t\t<a href=\"mailto:bernhard@kinderlieder.at\" >\n\t\t\t\t\t\t\tEmail\t\t\t\t\t\t<\/a>\n\t\t\t\t\t<\/div>\n\t\t\t\t\n\t\t\t\t\t\t\t\t\t<p class=\"elementor-icon-box-description\">\n\t\t\t\t\t\t <a href=\"mailto:bernhard@kinderlieder.at\">\n  <div class=\"mail\">\n      bernhard@kinderlieder.at\n  <\/div>\n <\/a>\n\t\t\t\t\t<\/p>\n\t\t\t\t\n\t\t\t<\/div>\n\t\t\t\n\t\t<\/div>\n\t\t\t\t\t\t<\/div>\n\t\t\t\t<\/div>\n\t\t\t\t<div class=\"elementor-element elementor-element-2fe9ce26 elementor-view-stacked elementor-position-inline-start elementor-shape-circle elementor-mobile-position-block-start elementor-widget elementor-widget-icon-box\" data-id=\"2fe9ce26\" data-element_type=\"widget\" data-e-type=\"widget\" data-widget_type=\"icon-box.default\">\n\t\t\t\t<div class=\"elementor-widget-container\">\n\t\t\t\t\t\t\t<div class=\"elementor-icon-box-wrapper\">\n\n\t\t\t\t\t\t<div class=\"elementor-icon-box-icon\">\n\t\t\t\t<a href=\"tel:0298246312\" class=\"elementor-icon\" tabindex=\"-1\" aria-label=\"Telefon\">\n\t\t\t\t<i aria-hidden=\"true\" class=\"fas fa-phone\"><\/i>\t\t\t\t<\/a>\n\t\t\t<\/div>\n\t\t\t\n\t\t\t\t\t\t<div class=\"elementor-icon-box-content\">\n\n\t\t\t\t\t\t\t\t\t<div class=\"elementor-icon-box-title\">\n\t\t\t\t\t\t<a href=\"tel:0298246312\" >\n\t\t\t\t\t\t\tTelefon\t\t\t\t\t\t<\/a>\n\t\t\t\t\t<\/div>\n\t\t\t\t\n\t\t\t\t\t\t\t\t\t<p class=\"elementor-icon-box-description\">\n\t\t\t\t\t\t <a href=\"tel:029824631\">\n  <div class=\"mail\">\n      02982 - 46 31\n  <\/div>\n <\/a>\t\t\t\t\t<\/p>\n\t\t\t\t\n\t\t\t<\/div>\n\t\t\t\n\t\t<\/div>\n\t\t\t\t\t\t<\/div>\n\t\t\t\t<\/div>\n\t\t\t\t<div class=\"elementor-element elementor-element-54a76549 elementor-view-stacked elementor-position-inline-start elementor-shape-circle elementor-mobile-position-block-start elementor-widget elementor-widget-icon-box\" data-id=\"54a76549\" data-element_type=\"widget\" data-e-type=\"widget\" data-widget_type=\"icon-box.default\">\n\t\t\t\t<div class=\"elementor-widget-container\">\n\t\t\t\t\t\t\t<div class=\"elementor-icon-box-wrapper\">\n\n\t\t\t\t\t\t<div class=\"elementor-icon-box-icon\">\n\t\t\t\t<span  class=\"elementor-icon\">\n\t\t\t\t<i aria-hidden=\"true\" class=\"fas fa-map-marker-alt\"><\/i>\t\t\t\t<\/span>\n\t\t\t<\/div>\n\t\t\t\n\t\t\t\t\t\t<div class=\"elementor-icon-box-content\">\n\n\t\t\t\t\t\t\t\t\t<div class=\"elementor-icon-box-title\">\n\t\t\t\t\t\t<span  >\n\t\t\t\t\t\t\tAdresse\t\t\t\t\t\t<\/span>\n\t\t\t\t\t<\/div>\n\t\t\t\t\n\t\t\t\t\t\t\t\t\t<p class=\"elementor-icon-box-description\">\n\t\t\t\t\t\tA-3580 Horn, Postfach 30\t\t\t\t\t<\/p>\n\t\t\t\t\n\t\t\t<\/div>\n\t\t\t\n\t\t<\/div>\n\t\t\t\t\t\t<\/div>\n\t\t\t\t<\/div>\n\t\t\t\t<div class=\"elementor-element elementor-element-3e1673a4 elementor-widget elementor-widget-heading\" data-id=\"3e1673a4\" data-element_type=\"widget\" data-e-type=\"widget\" data-widget_type=\"heading.default\">\n\t\t\t\t<div class=\"elementor-widget-container\">\n\t\t\t\t\t<h6 class=\"elementor-heading-title elementor-size-default\">Folgen Sie mir auf Social Media:<\/h6>\t\t\t\t<\/div>\n\t\t\t\t<\/div>\n\t\t\t\t<div class=\"elementor-element elementor-element-6c1a6db9 e-grid-align-left elementor-shape-rounded elementor-grid-0 elementor-widget elementor-widget-social-icons\" data-id=\"6c1a6db9\" data-element_type=\"widget\" data-e-type=\"widget\" data-widget_type=\"social-icons.default\">\n\t\t\t\t<div class=\"elementor-widget-container\">\n\t\t\t\t\t\t\t<div class=\"elementor-social-icons-wrapper elementor-grid\" role=\"list\">\n\t\t\t\t\t\t\t<span class=\"elementor-grid-item\" role=\"listitem\">\n\t\t\t\t\t<a class=\"elementor-icon elementor-social-icon elementor-social-icon-facebook elementor-repeater-item-1a17d49\" href=\"https:\/\/www.facebook.com\/bernhardfibich\/?show_switched_toast=0&#038;show_invite_to_follow=0&#038;show_switched_tooltip=0&#038;show_podcast_settings=0&#038;show_community_transition=0&#038;show_community_review_changes=0\" target=\"_blank\">\n\t\t\t\t\t\t<span class=\"elementor-screen-only\">Facebook<\/span>\n\t\t\t\t\t\t<i aria-hidden=\"true\" class=\"fab fa-facebook\"><\/i>\t\t\t\t\t<\/a>\n\t\t\t\t<\/span>\n\t\t\t\t\t\t\t<span class=\"elementor-grid-item\" role=\"listitem\">\n\t\t\t\t\t<a class=\"elementor-icon elementor-social-icon elementor-social-icon-instagram elementor-repeater-item-05e8d36\" href=\"https:\/\/www.instagram.com\/bernhardfibich\/\" target=\"_blank\">\n\t\t\t\t\t\t<span class=\"elementor-screen-only\">Instagram<\/span>\n\t\t\t\t\t\t<i aria-hidden=\"true\" class=\"fab fa-instagram\"><\/i>\t\t\t\t\t<\/a>\n\t\t\t\t<\/span>\n\t\t\t\t\t\t\t<span class=\"elementor-grid-item\" role=\"listitem\">\n\t\t\t\t\t<a class=\"elementor-icon elementor-social-icon elementor-social-icon-youtube elementor-repeater-item-288caac\" href=\"https:\/\/www.youtube.com\/user\/bernhard110262\" target=\"_blank\">\n\t\t\t\t\t\t<span class=\"elementor-screen-only\">Youtube<\/span>\n\t\t\t\t\t\t<i aria-hidden=\"true\" class=\"fab fa-youtube\"><\/i>\t\t\t\t\t<\/a>\n\t\t\t\t<\/span>\n\t\t\t\t\t\t\t<span class=\"elementor-grid-item\" role=\"listitem\">\n\t\t\t\t\t<a class=\"elementor-icon elementor-social-icon elementor-social-icon-twitter elementor-repeater-item-52a18ca\" href=\"https:\/\/twitter.com\/bernhardfibich\" target=\"_blank\">\n\t\t\t\t\t\t<span class=\"elementor-screen-only\">Twitter<\/span>\n\t\t\t\t\t\t<i aria-hidden=\"true\" class=\"fab fa-twitter\"><\/i>\t\t\t\t\t<\/a>\n\t\t\t\t<\/span>\n\t\t\t\t\t<\/div>\n\t\t\t\t\t\t<\/div>\n\t\t\t\t<\/div>\n\t\t\t\t\t<\/div>\n\t\t<\/div>\n\t\t\t\t<div class=\"elementor-column elementor-col-50 elementor-top-column elementor-element elementor-element-73343246\" data-id=\"73343246\" data-element_type=\"column\" data-e-type=\"column\" data-settings=\"{&quot;background_background&quot;:&quot;classic&quot;}\">\n\t\t\t<div class=\"elementor-widget-wrap elementor-element-populated\">\n\t\t\t\t\t\t<div class=\"elementor-element elementor-element-74c7cf8a elementor-button-align-end elementor-mobile-button-align-center elementor-widget elementor-widget-form\" data-id=\"74c7cf8a\" data-element_type=\"widget\" data-e-type=\"widget\" data-settings=\"{&quot;step_next_label&quot;:&quot;Next&quot;,&quot;step_previous_label&quot;:&quot;Previous&quot;,&quot;button_width&quot;:&quot;100&quot;,&quot;step_type&quot;:&quot;number_text&quot;,&quot;step_icon_shape&quot;:&quot;circle&quot;}\" data-widget_type=\"form.default\">\n\t\t\t\t<div class=\"elementor-widget-container\">\n\t\t\t\t\t\t\t<form class=\"elementor-form\" method=\"post\" name=\"New Form\" aria-label=\"New Form\">\n\t\t\t<input type=\"hidden\" name=\"post_id\" value=\"1501\"\/>\n\t\t\t<input type=\"hidden\" name=\"form_id\" value=\"74c7cf8a\"\/>\n\t\t\t<input type=\"hidden\" name=\"referer_title\" value=\"Home - Kinderliedermacher Bernhard Fibich\" \/>\n\n\t\t\t\t\t\t\t<input type=\"hidden\" name=\"queried_id\" value=\"1501\"\/>\n\t\t\t\n\t\t\t<div class=\"elementor-form-fields-wrapper elementor-labels-above\">\n\t\t\t\t\t\t\t\t<div class=\"elementor-field-type-text elementor-field-group elementor-column elementor-field-group-name elementor-col-50 elementor-field-required\">\n\t\t\t\t\t\t\t\t\t\t\t\t<label for=\"form-field-name\" class=\"elementor-field-label\">\n\t\t\t\t\t\t\t\tVorname\t\t\t\t\t\t\t<\/label>\n\t\t\t\t\t\t\t\t\t\t\t\t\t\t<input size=\"1\" type=\"text\" name=\"form_fields[name]\" id=\"form-field-name\" class=\"elementor-field elementor-size-sm  elementor-field-textual\" placeholder=\"\u2026\" required=\"required\">\n\t\t\t\t\t\t\t\t\t\t\t<\/div>\n\t\t\t\t\t\t\t\t<div class=\"elementor-field-type-text elementor-field-group elementor-column elementor-field-group-field_ee1d728 elementor-col-50 elementor-field-required\">\n\t\t\t\t\t\t\t\t\t\t\t\t<label for=\"form-field-field_ee1d728\" class=\"elementor-field-label\">\n\t\t\t\t\t\t\t\tNachname\t\t\t\t\t\t\t<\/label>\n\t\t\t\t\t\t\t\t\t\t\t\t\t\t<input size=\"1\" type=\"text\" name=\"form_fields[field_ee1d728]\" id=\"form-field-field_ee1d728\" class=\"elementor-field elementor-size-sm  elementor-field-textual\" placeholder=\"\u2026\" required=\"required\">\n\t\t\t\t\t\t\t\t\t\t\t<\/div>\n\t\t\t\t\t\t\t\t<div class=\"elementor-field-type-email elementor-field-group elementor-column elementor-field-group-email elementor-col-50 elementor-field-required\">\n\t\t\t\t\t\t\t\t\t\t\t\t<label for=\"form-field-email\" class=\"elementor-field-label\">\n\t\t\t\t\t\t\t\tE-mail\t\t\t\t\t\t\t<\/label>\n\t\t\t\t\t\t\t\t\t\t\t\t\t\t<input size=\"1\" type=\"email\" name=\"form_fields[email]\" id=\"form-field-email\" class=\"elementor-field elementor-size-sm  elementor-field-textual\" placeholder=\"\u2026\" required=\"required\">\n\t\t\t\t\t\t\t\t\t\t\t<\/div>\n\t\t\t\t\t\t\t\t<div class=\"elementor-field-type-text elementor-field-group elementor-column elementor-field-group-5fc6f08 elementor-col-50 elementor-field-required\">\n\t\t\t\t\t\t\t\t\t\t\t\t<label for=\"form-field-5fc6f08\" class=\"elementor-field-label\">\n\t\t\t\t\t\t\t\tTelefon\t\t\t\t\t\t\t<\/label>\n\t\t\t\t\t\t\t\t\t\t\t\t\t\t<input size=\"1\" type=\"text\" name=\"form_fields[5fc6f08]\" id=\"form-field-5fc6f08\" class=\"elementor-field elementor-size-sm  elementor-field-textual\" placeholder=\"\u2026\" required=\"required\">\n\t\t\t\t\t\t\t\t\t\t\t<\/div>\n\t\t\t\t\t\t\t\t<div class=\"elementor-field-type-textarea elementor-field-group elementor-column elementor-field-group-6ed25c0 elementor-col-100\">\n\t\t\t\t\t\t\t\t\t\t\t\t<label for=\"form-field-6ed25c0\" class=\"elementor-field-label\">\n\t\t\t\t\t\t\t\tNachricht\t\t\t\t\t\t\t<\/label>\n\t\t\t\t\t\t<textarea class=\"elementor-field-textual elementor-field  elementor-size-sm\" name=\"form_fields[6ed25c0]\" id=\"form-field-6ed25c0\" rows=\"4\" placeholder=\"\u2026\"><\/textarea>\t\t\t\t<\/div>\n\t\t\t\t\t\t\t\t<div class=\"elementor-field-type-recaptcha_v3 elementor-field-group elementor-column elementor-field-group-field_6a7a825 elementor-col-100 recaptcha_v3-bottomleft\">\n\t\t\t\t\t<div class=\"elementor-field\" id=\"form-field-field_6a7a825\"><div class=\"elementor-g-recaptcha\" data-sitekey=\"6LeYBE4gAAAAAB9Cq4Nj5D1OaY63fCmj2pscVzmQ\" data-type=\"v3\" data-action=\"Form\" data-badge=\"bottomleft\" data-size=\"invisible\"><\/div><\/div>\t\t\t\t<\/div>\n\t\t\t\t\t\t\t\t<div class=\"elementor-field-group elementor-column elementor-field-type-submit elementor-col-100 e-form__buttons\">\n\t\t\t\t\t<button class=\"elementor-button elementor-size-md\" type=\"submit\">\n\t\t\t\t\t\t<span class=\"elementor-button-content-wrapper\">\n\t\t\t\t\t\t\t\t\t\t\t\t\t\t\t\t\t\t\t\t\t\t<span class=\"elementor-button-text\">Senden<\/span>\n\t\t\t\t\t\t\t\t\t\t\t\t\t<\/span>\n\t\t\t\t\t<\/button>\n\t\t\t\t<\/div>\n\t\t\t<\/div>\n\t\t<\/form>\n\t\t\t\t\t\t<\/div>\n\t\t\t\t<\/div>\n\t\t\t\t\t<\/div>\n\t\t<\/div>\n\t\t\t\t\t<\/div>\n\t\t<\/section>\n\t\t\t\t<\/div>\n\t\t","protected":false},"excerpt":{"rendered":"<p>Kinderliedermacher Bernhard Fibich Lustige Mitmach-Konzerte f\u00fcr die ganze Familie! Respekt, Toleranz, Integration. Kontakt Newsletter &#8222;\u00d6sterreichs Kinderliedermacher Nr.1&#8220; Bernhard Fibich Ich bin hauptberuflicher Kinderliedermacher seit 1991. Ich bin Vater 3er erwachsener Kinder. Ich bin Gro\u00dfvater. Ich lebe im Waldviertel (Nieder\u00f6sterreich). Ich spiele etwa 250 Mitmachkonzerte pro Jahr in ganz \u00d6sterreich. Booking Kinderliedermacher Bernhard Fibichzu einem Mitmachkonzertf\u00fcr [&hellip;]<\/p>\n","protected":false},"author":1,"featured_media":0,"parent":0,"menu_order":0,"comment_status":"closed","ping_status":"closed","template":"","meta":{"_acf_changed":false,"site-sidebar-layout":"no-sidebar","site-content-layout":"page-builder","ast-site-content-layout":"full-width-container","site-content-style":"unboxed","site-sidebar-style":"unboxed","ast-global-header-display":"","ast-banner-title-visibility":"","ast-main-header-display":"","ast-hfb-above-header-display":"","ast-hfb-below-header-display":"","ast-hfb-mobile-header-display":"","site-post-title":"disabled","ast-breadcrumbs-content":"","ast-featured-img":"disabled","footer-sml-layout":"","ast-disable-related-posts":"","theme-transparent-header-meta":"enabled","adv-header-id-meta":"","stick-header-meta":"","header-above-stick-meta":"","header-main-stick-meta":"","header-below-stick-meta":"","astra-migrate-meta-layouts":"set","ast-page-background-enabled":"default","ast-page-background-meta":{"desktop":{"background-color":"","background-image":"","background-repeat":"repeat","background-position":"center center","background-size":"auto","background-attachment":"scroll","background-type":"","background-media":"","overlay-type":"","overlay-color":"","overlay-opacity":"","overlay-gradient":""},"tablet":{"background-color":"","background-image":"","background-repeat":"repeat","background-position":"center center","background-size":"auto","background-attachment":"scroll","background-type":"","background-media":"","overlay-type":"","overlay-color":"","overlay-opacity":"","overlay-gradient":""},"mobile":{"background-color":"","background-image":"","background-repeat":"repeat","background-position":"center center","background-size":"auto","background-attachment":"scroll","background-type":"","background-media":"","overlay-type":"","overlay-color":"","overlay-opacity":"","overlay-gradient":""}},"ast-content-background-meta":{"desktop":{"background-color":"var(--ast-global-color-5)","background-image":"","background-repeat":"repeat","background-position":"center center","background-size":"auto","background-attachment":"scroll","background-type":"","background-media":"","overlay-type":"","overlay-color":"","overlay-opacity":"","overlay-gradient":""},"tablet":{"background-color":"var(--ast-global-color-5)","background-image":"","background-repeat":"repeat","background-position":"center center","background-size":"auto","background-attachment":"scroll","background-type":"","background-media":"","overlay-type":"","overlay-color":"","overlay-opacity":"","overlay-gradient":""},"mobile":{"background-color":"var(--ast-global-color-5)","background-image":"","background-repeat":"repeat","background-position":"center center","background-size":"auto","background-attachment":"scroll","background-type":"","background-media":"","overlay-type":"","overlay-color":"","overlay-opacity":"","overlay-gradient":""}},"footnotes":""},"class_list":["post-1501","page","type-page","status-publish","hentry"],"acf":[],"yoast_head":"<!-- This site is optimized with the Yoast SEO plugin v27.5 - https:\/\/yoast.com\/product\/yoast-seo-wordpress\/ -->\n<title>Home - Kinderliedermacher Bernhard Fibich<\/title>\n<meta name=\"robots\" content=\"index, follow, max-snippet:-1, max-image-preview:large, max-video-preview:-1\" \/>\n<link rel=\"canonical\" href=\"https:\/\/www.kinderlieder.at\/\" \/>\n<meta property=\"og:locale\" content=\"de_DE\" \/>\n<meta property=\"og:type\" content=\"article\" \/>\n<meta property=\"og:title\" content=\"Home - Kinderliedermacher Bernhard Fibich\" \/>\n<meta property=\"og:description\" content=\"Kinderliedermacher Bernhard Fibich Lustige Mitmach-Konzerte f\u00fcr die ganze Familie! Respekt, Toleranz, Integration. Kontakt Newsletter &#8222;\u00d6sterreichs Kinderliedermacher Nr.1&#8220; Bernhard Fibich Ich bin hauptberuflicher Kinderliedermacher seit 1991. Ich bin Vater 3er erwachsener Kinder. Ich bin Gro\u00dfvater. Ich lebe im Waldviertel (Nieder\u00f6sterreich). Ich spiele etwa 250 Mitmachkonzerte pro Jahr in ganz \u00d6sterreich. Booking Kinderliedermacher Bernhard Fibichzu einem Mitmachkonzertf\u00fcr [&hellip;]\" \/>\n<meta property=\"og:url\" content=\"https:\/\/www.kinderlieder.at\/\" \/>\n<meta property=\"og:site_name\" content=\"Kinderliedermacher Bernhard Fibich\" \/>\n<meta property=\"article:modified_time\" content=\"2026-03-09T08:31:51+00:00\" \/>\n<meta property=\"og:image\" content=\"https:\/\/www.kinderlieder.at\/wp-content\/uploads\/2022\/04\/fotoFrei.png\" \/>\n\t<meta property=\"og:image:width\" content=\"1416\" \/>\n\t<meta property=\"og:image:height\" content=\"2585\" \/>\n\t<meta property=\"og:image:type\" content=\"image\/png\" \/>\n<meta name=\"twitter:card\" content=\"summary_large_image\" \/>\n<meta name=\"twitter:label1\" content=\"Gesch\u00e4tzte Lesezeit\" \/>\n\t<meta name=\"twitter:data1\" content=\"10\u00a0Minuten\" \/>\n<script type=\"application\/ld+json\" class=\"yoast-schema-graph\">{\"@context\":\"https:\\\/\\\/schema.org\",\"@graph\":[{\"@type\":\"WebPage\",\"@id\":\"https:\\\/\\\/www.kinderlieder.at\\\/\",\"url\":\"https:\\\/\\\/www.kinderlieder.at\\\/\",\"name\":\"Home - Kinderliedermacher Bernhard Fibich\",\"isPartOf\":{\"@id\":\"https:\\\/\\\/www.kinderlieder.at\\\/#website\"},\"primaryImageOfPage\":{\"@id\":\"https:\\\/\\\/www.kinderlieder.at\\\/#primaryimage\"},\"image\":{\"@id\":\"https:\\\/\\\/www.kinderlieder.at\\\/#primaryimage\"},\"thumbnailUrl\":\"https:\\\/\\\/www.kinderlieder.at\\\/wp-content\\\/uploads\\\/2022\\\/04\\\/fotoFrei.png\",\"datePublished\":\"2024-04-19T13:19:08+00:00\",\"dateModified\":\"2026-03-09T08:31:51+00:00\",\"breadcrumb\":{\"@id\":\"https:\\\/\\\/www.kinderlieder.at\\\/#breadcrumb\"},\"inLanguage\":\"de\",\"potentialAction\":[{\"@type\":\"ReadAction\",\"target\":[\"https:\\\/\\\/www.kinderlieder.at\\\/\"]}]},{\"@type\":\"ImageObject\",\"inLanguage\":\"de\",\"@id\":\"https:\\\/\\\/www.kinderlieder.at\\\/#primaryimage\",\"url\":\"https:\\\/\\\/www.kinderlieder.at\\\/wp-content\\\/uploads\\\/2022\\\/04\\\/fotoFrei.png\",\"contentUrl\":\"https:\\\/\\\/www.kinderlieder.at\\\/wp-content\\\/uploads\\\/2022\\\/04\\\/fotoFrei.png\",\"width\":1416,\"height\":2585},{\"@type\":\"BreadcrumbList\",\"@id\":\"https:\\\/\\\/www.kinderlieder.at\\\/#breadcrumb\",\"itemListElement\":[{\"@type\":\"ListItem\",\"position\":1,\"name\":\"Startseite\",\"item\":\"https:\\\/\\\/www.kinderlieder.at\\\/\"},{\"@type\":\"ListItem\",\"position\":2,\"name\":\"Home\"}]},{\"@type\":\"WebSite\",\"@id\":\"https:\\\/\\\/www.kinderlieder.at\\\/#website\",\"url\":\"https:\\\/\\\/www.kinderlieder.at\\\/\",\"name\":\"Kinderliedermacher Bernhard Fibich\",\"description\":\"\",\"publisher\":{\"@id\":\"https:\\\/\\\/www.kinderlieder.at\\\/#organization\"},\"potentialAction\":[{\"@type\":\"SearchAction\",\"target\":{\"@type\":\"EntryPoint\",\"urlTemplate\":\"https:\\\/\\\/www.kinderlieder.at\\\/?s={search_term_string}\"},\"query-input\":{\"@type\":\"PropertyValueSpecification\",\"valueRequired\":true,\"valueName\":\"search_term_string\"}}],\"inLanguage\":\"de\"},{\"@type\":\"Organization\",\"@id\":\"https:\\\/\\\/www.kinderlieder.at\\\/#organization\",\"name\":\"Kinderliedermacher Bernhard Fibich\",\"url\":\"https:\\\/\\\/www.kinderlieder.at\\\/\",\"logo\":{\"@type\":\"ImageObject\",\"inLanguage\":\"de\",\"@id\":\"https:\\\/\\\/www.kinderlieder.at\\\/#\\\/schema\\\/logo\\\/image\\\/\",\"url\":\"https:\\\/\\\/www.kinderlieder.at\\\/wp-content\\\/uploads\\\/2024\\\/02\\\/Pressefoto-Bernhard-Fibich-11-Comic.png\",\"contentUrl\":\"https:\\\/\\\/www.kinderlieder.at\\\/wp-content\\\/uploads\\\/2024\\\/02\\\/Pressefoto-Bernhard-Fibich-11-Comic.png\",\"width\":3000,\"height\":2968,\"caption\":\"Kinderliedermacher Bernhard Fibich\"},\"image\":{\"@id\":\"https:\\\/\\\/www.kinderlieder.at\\\/#\\\/schema\\\/logo\\\/image\\\/\"}}]}<\/script>\n<!-- \/ Yoast SEO plugin. -->","yoast_head_json":{"title":"Home - Kinderliedermacher Bernhard Fibich","robots":{"index":"index","follow":"follow","max-snippet":"max-snippet:-1","max-image-preview":"max-image-preview:large","max-video-preview":"max-video-preview:-1"},"canonical":"https:\/\/www.kinderlieder.at\/","og_locale":"de_DE","og_type":"article","og_title":"Home - Kinderliedermacher Bernhard Fibich","og_description":"Kinderliedermacher Bernhard Fibich Lustige Mitmach-Konzerte f\u00fcr die ganze Familie! Respekt, Toleranz, Integration. Kontakt Newsletter &#8222;\u00d6sterreichs Kinderliedermacher Nr.1&#8220; Bernhard Fibich Ich bin hauptberuflicher Kinderliedermacher seit 1991. Ich bin Vater 3er erwachsener Kinder. Ich bin Gro\u00dfvater. Ich lebe im Waldviertel (Nieder\u00f6sterreich). Ich spiele etwa 250 Mitmachkonzerte pro Jahr in ganz \u00d6sterreich. Booking Kinderliedermacher Bernhard Fibichzu einem Mitmachkonzertf\u00fcr [&hellip;]","og_url":"https:\/\/www.kinderlieder.at\/","og_site_name":"Kinderliedermacher Bernhard Fibich","article_modified_time":"2026-03-09T08:31:51+00:00","og_image":[{"width":1416,"height":2585,"url":"https:\/\/www.kinderlieder.at\/wp-content\/uploads\/2022\/04\/fotoFrei.png","type":"image\/png"}],"twitter_card":"summary_large_image","twitter_misc":{"Gesch\u00e4tzte Lesezeit":"10\u00a0Minuten"},"schema":{"@context":"https:\/\/schema.org","@graph":[{"@type":"WebPage","@id":"https:\/\/www.kinderlieder.at\/","url":"https:\/\/www.kinderlieder.at\/","name":"Home - Kinderliedermacher Bernhard Fibich","isPartOf":{"@id":"https:\/\/www.kinderlieder.at\/#website"},"primaryImageOfPage":{"@id":"https:\/\/www.kinderlieder.at\/#primaryimage"},"image":{"@id":"https:\/\/www.kinderlieder.at\/#primaryimage"},"thumbnailUrl":"https:\/\/www.kinderlieder.at\/wp-content\/uploads\/2022\/04\/fotoFrei.png","datePublished":"2024-04-19T13:19:08+00:00","dateModified":"2026-03-09T08:31:51+00:00","breadcrumb":{"@id":"https:\/\/www.kinderlieder.at\/#breadcrumb"},"inLanguage":"de","potentialAction":[{"@type":"ReadAction","target":["https:\/\/www.kinderlieder.at\/"]}]},{"@type":"ImageObject","inLanguage":"de","@id":"https:\/\/www.kinderlieder.at\/#primaryimage","url":"https:\/\/www.kinderlieder.at\/wp-content\/uploads\/2022\/04\/fotoFrei.png","contentUrl":"https:\/\/www.kinderlieder.at\/wp-content\/uploads\/2022\/04\/fotoFrei.png","width":1416,"height":2585},{"@type":"BreadcrumbList","@id":"https:\/\/www.kinderlieder.at\/#breadcrumb","itemListElement":[{"@type":"ListItem","position":1,"name":"Startseite","item":"https:\/\/www.kinderlieder.at\/"},{"@type":"ListItem","position":2,"name":"Home"}]},{"@type":"WebSite","@id":"https:\/\/www.kinderlieder.at\/#website","url":"https:\/\/www.kinderlieder.at\/","name":"Kinderliedermacher Bernhard Fibich","description":"","publisher":{"@id":"https:\/\/www.kinderlieder.at\/#organization"},"potentialAction":[{"@type":"SearchAction","target":{"@type":"EntryPoint","urlTemplate":"https:\/\/www.kinderlieder.at\/?s={search_term_string}"},"query-input":{"@type":"PropertyValueSpecification","valueRequired":true,"valueName":"search_term_string"}}],"inLanguage":"de"},{"@type":"Organization","@id":"https:\/\/www.kinderlieder.at\/#organization","name":"Kinderliedermacher Bernhard Fibich","url":"https:\/\/www.kinderlieder.at\/","logo":{"@type":"ImageObject","inLanguage":"de","@id":"https:\/\/www.kinderlieder.at\/#\/schema\/logo\/image\/","url":"https:\/\/www.kinderlieder.at\/wp-content\/uploads\/2024\/02\/Pressefoto-Bernhard-Fibich-11-Comic.png","contentUrl":"https:\/\/www.kinderlieder.at\/wp-content\/uploads\/2024\/02\/Pressefoto-Bernhard-Fibich-11-Comic.png","width":3000,"height":2968,"caption":"Kinderliedermacher Bernhard Fibich"},"image":{"@id":"https:\/\/www.kinderlieder.at\/#\/schema\/logo\/image\/"}}]}},"_links":{"self":[{"href":"https:\/\/www.kinderlieder.at\/index.php?rest_route=\/wp\/v2\/pages\/1501","targetHints":{"allow":["GET"]}}],"collection":[{"href":"https:\/\/www.kinderlieder.at\/index.php?rest_route=\/wp\/v2\/pages"}],"about":[{"href":"https:\/\/www.kinderlieder.at\/index.php?rest_route=\/wp\/v2\/types\/page"}],"author":[{"embeddable":true,"href":"https:\/\/www.kinderlieder.at\/index.php?rest_route=\/wp\/v2\/users\/1"}],"replies":[{"embeddable":true,"href":"https:\/\/www.kinderlieder.at\/index.php?rest_route=%2Fwp%2Fv2%2Fcomments&post=1501"}],"version-history":[{"count":197,"href":"https:\/\/www.kinderlieder.at\/index.php?rest_route=\/wp\/v2\/pages\/1501\/revisions"}],"predecessor-version":[{"id":2137,"href":"https:\/\/www.kinderlieder.at\/index.php?rest_route=\/wp\/v2\/pages\/1501\/revisions\/2137"}],"wp:attachment":[{"href":"https:\/\/www.kinderlieder.at\/index.php?rest_route=%2Fwp%2Fv2%2Fmedia&parent=1501"}],"curies":[{"name":"wp","href":"https:\/\/api.w.org\/{rel}","templated":true}]}}